{"id":11853,"date":"2024-09-06T18:02:39","date_gmt":"2024-09-06T16:02:39","guid":{"rendered":"https:\/\/www.jennerbahn.de\/jenner-blog\/"},"modified":"2026-04-13T10:48:42","modified_gmt":"2026-04-13T08:48:42","slug":"jenner-blog","status":"publish","type":"page","link":"https:\/\/www.jennerbahn.de\/en\/jenner-blog\/","title":{"rendered":"Jenner Blog"},"content":{"rendered":"<p><div class=\"fusion-fullwidth fullwidth-box fusion-builder-row-1 hundred-percent-fullwidth non-hundred-percent-height-scrolling\" style=\"--awb-border-radius-top-left:0px;--awb-border-radius-top-right:0px;--awb-border-radius-bottom-right:0px;--awb-border-radius-bottom-left:0px;--awb-padding-top:0px;--awb-padding-right:0px;--awb-padding-bottom:0px;--awb-padding-left:0px;--awb-margin-top:-56px;--awb-margin-bottom:20px;--awb-flex-wrap:wrap;\" ><div class=\"fusion-builder-row fusion-row\"><div class=\"fusion-layout-column fusion_builder_column fusion-builder-column-0 fusion_builder_column_1_1 1_1 fusion-one-full fusion-column-first fusion-column-last\" style=\"--awb-padding-top:0px;--awb-bg-size:cover;\"><div class=\"fusion-column-wrapper fusion-column-has-shadow fusion-flex-column-wrapper-legacy\">\n<div class=\"fusion-slider-revolution rev_slider_wrapper\">\t\t\t<!-- START Headerimage Jennerblog REVOLUTION SLIDER 6.7.39 --><p class=\"rs-p-wp-fix\"><\/p>\n\t\t\t<rs-module-wrap id=\"rev_slider_48_1_wrapper\" data-source=\"gallery\" style=\"visibility:hidden;background:transparent;padding:0;margin:0px auto;margin-top:0;margin-bottom:-20px;\">\n\t\t\t\t<rs-module id=\"rev_slider_48_1\" style=\"\" data-version=\"6.7.39\">\n\t\t\t\t\t<rs-slides style=\"overflow: hidden; position: absolute;\">\n\t\t\t\t\t\t<rs-slide style=\"position: absolute;\" data-key=\"rs-118\" data-title=\"Slide\" data-anim=\"adpr:false;\" data-in=\"o:0;\" data-out=\"a:false;\">\n\t\t\t\t\t\t\t<img decoding=\"async\" src=\"\/\/www.jennerbahn.de\/wp-content\/plugins\/revslider\/sr6\/assets\/assets\/dummy.png\" alt=\"\" title=\"Jenneralm Rastaurant Jennerbahn\" width=\"1920\" height=\"1280\" class=\"rev-slidebg tp-rs-img rs-lazyload\" data-lazyload=\"\/\/www.jennerbahn.de\/wp-content\/uploads\/2019\/09\/Jenneralm_Imagefotos_Kunde__U0A4992-Bearbeitet.jpg\" data-bg=\"p:0% 80%;\" data-no-retina>\n<!--\n\t\t\t\t\t\t\t--><h1\n\t\t\t\t\t\t\t\tid=\"slider-48-slide-118-layer-2\" \n\t\t\t\t\t\t\t\tclass=\"rs-layer subheaderh1\"\n\t\t\t\t\t\t\t\tdata-type=\"text\"\n\t\t\t\t\t\t\t\tdata-tsh=\"c:#000000;h:3px,1px,0px,0px;v:3px,1px,0px,0px;b:10px,5px,3px,1px;\"\n\t\t\t\t\t\t\t\tdata-rsp_ch=\"on\"\n\t\t\t\t\t\t\t\tdata-xy=\"xo:306px,163px,123px,75px;yo:460px,245px,186px,114px;\"\n\t\t\t\t\t\t\t\tdata-text=\"s:120,64,48,29;l:25,13,9,6;a:center;\"\n\t\t\t\t\t\t\t\tdata-frame_999=\"o:0;st:w;\"\n\t\t\t\t\t\t\t\tstyle=\"z-index:7;font-family:'Roboto';text-transform:uppercase;\"\n\t\t\t\t\t\t\t> \n\t\t\t\t\t\t\t<\/h1><!--\n-->\t\t\t\t\t<\/rs-slide>\n\t\t\t\t\t<\/rs-slides>\n\t\t\t\t<\/rs-module>\n\t\t\t\t<script>\n\t\t\t\t\tsetREVStartSize({c: 'rev_slider_48_1',rl:[1240,1024,778,480],el:[650,768,960,720],gw:[1920,1024,778,480],gh:[650,340,250,150],type:'hero',justify:'',layout:'fullwidth',mh:\"0\"});if (window.RS_MODULES!==undefined && window.RS_MODULES.modules!==undefined && window.RS_MODULES.modules[\"revslider481\"]!==undefined) {window.RS_MODULES.modules[\"revslider481\"].once = false;window.revapi48 = undefined;if (window.RS_MODULES.checkMinimal!==undefined) window.RS_MODULES.checkMinimal()}\n\t\t\t\t<\/script>\n\t\t\t<\/rs-module-wrap>\n\t\t\t<!-- END REVOLUTION SLIDER -->\n<\/div><div class=\"fusion-clearfix\"><\/div><\/div><\/div><\/div><\/div><div class=\"fusion-fullwidth fullwidth-box fusion-builder-row-2 nonhundred-percent-fullwidth non-hundred-percent-height-scrolling\" style=\"--awb-border-radius-top-left:0px;--awb-border-radius-top-right:0px;--awb-border-radius-bottom-right:0px;--awb-border-radius-bottom-left:0px;--awb-flex-wrap:wrap;\" ><div class=\"fusion-builder-row fusion-row\"><div class=\"fusion-layout-column fusion_builder_column fusion-builder-column-1 fusion_builder_column_1_1 1_1 fusion-one-full fusion-column-first fusion-column-last\" style=\"--awb-bg-size:cover;\"><div class=\"fusion-column-wrapper fusion-flex-column-wrapper-legacy\"><div class=\"fusion-text fusion-text-1\"><p><span style=\"font-size: 32px;\"><strong>JENNER BLOG<\/strong><\/span><\/p>\n<p><strong>Insights behind the scenes &#8211; stories about the Jenner.<\/strong><br \/>\nIn our Jennerblog we would like to give you an insight into our everyday Jenner life.<\/p>\n<\/div><div class=\"fusion-clearfix\"><\/div><\/div><\/div><\/div><\/div><div class=\"fusion-fullwidth fullwidth-box fusion-builder-row-3 nonhundred-percent-fullwidth non-hundred-percent-height-scrolling\" style=\"--awb-border-radius-top-left:0px;--awb-border-radius-top-right:0px;--awb-border-radius-bottom-right:0px;--awb-border-radius-bottom-left:0px;--awb-flex-wrap:wrap;\" ><div class=\"fusion-builder-row fusion-row\"><div class=\"fusion-layout-column fusion_builder_column fusion-builder-column-2 fusion_builder_column_1_1 1_1 fusion-one-full fusion-column-first fusion-column-last\" style=\"--awb-bg-size:cover;\"><div class=\"fusion-column-wrapper fusion-flex-column-wrapper-legacy\"><div class=\"fusion-blog-shortcode fusion-blog-shortcode-1 fusion-blog-archive fusion-blog-layout-medium fusion-blog-pagination\"><div class=\"fusion-posts-container fusion-posts-container-pagination fusion-no-meta-info\" data-pages=\"1\"><article id=\"blog-1-post-17667\" class=\"fusion-post-medium post-17667 post type-post status-publish format-standard has-post-thumbnail hentry category-jenner-blog-en\">\n\t<style type=\"text\/css\">\n\t\t\n\t\t\n\t\t\n\t\t\n\t\t\t<\/style>\n\n\n\t\t\t<div class=\"fusion-flexslider flexslider fusion-flexslider-loading fusion-post-slideshow\" style=\"\">\n\t\t<ul class=\"slides\">\n\t\t\t\n\t\t\t\t\t\t\t\t\t\t\t\t\t\t<li><div  class=\"fusion-image-wrapper fusion-image-size-fixed\" aria-haspopup=\"true\">\n\t\t\t\t\t\t\t<a href=\"https:\/\/www.jennerbahn.de\/en\/blog-huehnerhofaufdemjenner\/\" aria-label=\"From the chicken coop to the Jenner: a journey of fresh eggs\">\n\t\t\t\t\t\t\t<img decoding=\"async\" width=\"320\" height=\"202\" src=\"https:\/\/www.jennerbahn.de\/wp-content\/uploads\/2025\/10\/1_Josef_Meneder-320x202.jpg\" class=\"attachment-blog-medium size-blog-medium wp-post-image\" alt=\"\" srcset=\"https:\/\/www.jennerbahn.de\/wp-content\/uploads\/2025\/10\/1_Josef_Meneder-320x202.jpg 320w, https:\/\/www.jennerbahn.de\/wp-content\/uploads\/2025\/10\/1_Josef_Meneder-700x441.jpg 700w\" sizes=\"(max-width: 320px) 100vw, 320px\" \/>\t\t\t<\/a>\n\t\t\t\t\t\t\t<\/div>\n<\/li>\n\t\t\t\n\t\t\t\n\t\t\t\t\t\t\t\t\t\t\t\t\t\t\t\t\t\t\t\t\t\t\t\t\t\t\t\t\t\t\t\t\t\t\t\t\t\t\t\t\t\t\t\t\t\t\t\t\t\t\t\t\t\t\t\t\t\t\t\t\t\t\t\t\t\t\t\t<\/ul>\n\t<\/div>\n\t<div class=\"fusion-post-content post-content\"><h2 class=\"blog-shortcode-post-title entry-title\"><a href=\"https:\/\/www.jennerbahn.de\/en\/blog-huehnerhofaufdemjenner\/\">From the chicken coop to the Jenner: a journey of fresh eggs<\/a><\/h2><div class=\"fusion-post-content-container\"><p>When Josef Meneder, head chef at Jenneralm, welcomes his first guests each morning, the breakfast eggs have only travelled a short distance from Garching an der Alz to Sch\u00f6nau am K\u00f6nigssee. The Jenneralm team uses around 1,000 eggs per week \u2013 for golden scrambled eggs for breakfast, homemade spaetzle and tempting desserts.      Since 1960, everything at the M\u00fchlhauser Hof farm in neighbouring Chiemgau has revolved around chickens. What began as a small chicken farm has been expanded by the senior partner and his two sons into an impressive family business. Matthias, 31 years old and a master farmer, knew even as a child: \u2018I want to be [...]<\/p><\/div><\/div><div class=\"fusion-clearfix\"><\/div><\/article>\n<article id=\"blog-1-post-17178\" class=\"fusion-post-medium post-17178 post type-post status-publish format-standard has-post-thumbnail hentry category-jenner-blog-en\">\n\t<style type=\"text\/css\">\n\t\t\n\t\t\n\t\t\n\t\t\n\t\t\t<\/style>\n\n\n\t\t\t<div class=\"fusion-flexslider flexslider fusion-flexslider-loading fusion-post-slideshow\" style=\"\">\n\t\t<ul class=\"slides\">\n\t\t\t\n\t\t\t\t\t\t\t\t\t\t\t\t\t\t<li><div  class=\"fusion-image-wrapper fusion-image-size-fixed\" aria-haspopup=\"true\">\n\t\t\t\t\t\t\t<a href=\"https:\/\/www.jennerbahn.de\/en\/blog-escape-abenteuer-eng\/\" aria-label=\"New digital adventures on Jenner: Isabell and Leni on a treasure hunt\">\n\t\t\t\t\t\t\t<img decoding=\"async\" width=\"320\" height=\"202\" src=\"https:\/\/www.jennerbahn.de\/wp-content\/uploads\/2025\/09\/2_Schatzkarte-320x202.jpg\" class=\"attachment-blog-medium size-blog-medium wp-post-image\" alt=\"\" srcset=\"https:\/\/www.jennerbahn.de\/wp-content\/uploads\/2025\/09\/2_Schatzkarte-320x202.jpg 320w, https:\/\/www.jennerbahn.de\/wp-content\/uploads\/2025\/09\/2_Schatzkarte-700x441.jpg 700w\" sizes=\"(max-width: 320px) 100vw, 320px\" \/>\t\t\t<\/a>\n\t\t\t\t\t\t\t<\/div>\n<\/li>\n\t\t\t\n\t\t\t\n\t\t\t\t\t\t\t\t\t\t\t\t\t\t\t\t\t\t\t\t\t\t\t\t\t\t\t\t\t\t\t\t\t\t\t\t\t\t\t\t\t\t\t\t\t\t\t\t\t\t\t\t\t\t\t\t\t\t\t\t\t\t\t\t\t\t\t\t<\/ul>\n\t<\/div>\n\t<div class=\"fusion-post-content post-content\"><h2 class=\"blog-shortcode-post-title entry-title\"><a href=\"https:\/\/www.jennerbahn.de\/en\/blog-escape-abenteuer-eng\/\">New digital adventures on Jenner: Isabell and Leni on a treasure hunt<\/a><\/h2><div class=\"fusion-post-content-container\"><p> \u2018Once again, you hold your breath as you press the stone. Silence...\u2019 says the narrator, and suddenly Isabell (10) and Leni (20) are in the middle of an adventure. Together, they test the two new interactive games on Jenner, which turn a simple hike into a real experience. Isabell is on a treasure hunt with Franzi the marmot, while Leni tries her hand at the escape game involving the animal catchers' gang. Ranger Tina is there to assist her.     You will receive... ... the treasure map and escape booklet with pen at the ticket office when you purchase your ticket. Is your mobile phone battery fully charged? [...]<\/p><\/div><\/div><div class=\"fusion-clearfix\"><\/div><\/article>\n<article id=\"blog-1-post-16695\" class=\"fusion-post-medium post-16695 post type-post status-publish format-standard has-post-thumbnail hentry category-jenner-blog-en\">\n\t<style type=\"text\/css\">\n\t\t\n\t\t\n\t\t\n\t\t\n\t\t\t<\/style>\n\n\n\t\t\t<div class=\"fusion-flexslider flexslider fusion-flexslider-loading fusion-post-slideshow\" style=\"\">\n\t\t<ul class=\"slides\">\n\t\t\t\n\t\t\t\t\t\t\t\t\t\t\t\t\t\t<li><div  class=\"fusion-image-wrapper fusion-image-size-fixed\" aria-haspopup=\"true\">\n\t\t\t\t\t\t\t<a href=\"https:\/\/www.jennerbahn.de\/en\/from-the-pasture-to-the-plate-2\/\" aria-label=\"Herbs for the restroom on the mountain &#8211; A story about the Jenneralm toilet \ud83d\ude09\">\n\t\t\t\t\t\t\t<img decoding=\"async\" width=\"320\" height=\"202\" src=\"https:\/\/www.jennerbahn.de\/wp-content\/uploads\/2025\/08\/1_Dampfofen-320x202.jpeg\" class=\"attachment-blog-medium size-blog-medium wp-post-image\" alt=\"\" srcset=\"https:\/\/www.jennerbahn.de\/wp-content\/uploads\/2025\/08\/1_Dampfofen-320x202.jpeg 320w, https:\/\/www.jennerbahn.de\/wp-content\/uploads\/2025\/08\/1_Dampfofen-700x441.jpeg 700w\" sizes=\"(max-width: 320px) 100vw, 320px\" \/>\t\t\t<\/a>\n\t\t\t\t\t\t\t<\/div>\n<\/li>\n\t\t\t\n\t\t\t\n\t\t\t\t\t\t\t\t\t\t\t\t\t\t\t\t\t\t\t\t\t\t\t\t\t\t\t\t\t\t\t\t\t\t\t\t\t\t\t\t\t\t\t\t\t\t\t\t\t\t\t\t\t\t\t\t\t\t\t\t\t\t\t\t\t\t\t\t<\/ul>\n\t<\/div>\n\t<div class=\"fusion-post-content post-content\"><h2 class=\"blog-shortcode-post-title entry-title\"><a href=\"https:\/\/www.jennerbahn.de\/en\/from-the-pasture-to-the-plate-2\/\">Herbs for the restroom on the mountain &#8211; A story about the Jenneralm toilet \ud83d\ude09<\/a><\/h2><div class=\"fusion-post-content-container\"><p> Rose and peppermint instead of Air-Wick? While other places are still trying to combat natural odors with chemical fragrances, the Jenneralm has a much more natural solution: if it smells bad, a little herb is used!      Writing about the toilet? Why not, after all, we all have to go sometimes and enjoy cleanliness and a fresh scent. We owe our new world of fragrances to the herbal ovens from the Irschenberg-based company Kr\u00e4uterei. \u201cReplacing synthetic fragrances with natural herbs is a sustainable and natural solution to bad odors for us,\u201d says Jennerbahn CEO Thomas M\u00fchlthaler. \u201cAfter all, we are also a partner of the nationalpark Berchtesgaden.\u201d [...]<\/p><\/div><\/div><div class=\"fusion-clearfix\"><\/div><\/article>\n<article id=\"blog-1-post-16213\" class=\"fusion-post-medium post-16213 post type-post status-publish format-standard has-post-thumbnail hentry category-jenner-blog-en\">\n\t<style type=\"text\/css\">\n\t\t\n\t\t\n\t\t\n\t\t\n\t\t\t<\/style>\n\n\n\t\t\t<div class=\"fusion-flexslider flexslider fusion-flexslider-loading fusion-post-slideshow\" style=\"\">\n\t\t<ul class=\"slides\">\n\t\t\t\n\t\t\t\t\t\t\t\t\t\t\t\t\t\t<li><div  class=\"fusion-image-wrapper fusion-image-size-fixed\" aria-haspopup=\"true\">\n\t\t\t\t\t\t\t<a href=\"https:\/\/www.jennerbahn.de\/en\/from-the-pasture-to-the-plate\/\" aria-label=\"From the pasture to the plate\">\n\t\t\t\t\t\t\t<img decoding=\"async\" width=\"320\" height=\"202\" src=\"https:\/\/www.jennerbahn.de\/wp-content\/uploads\/2025\/07\/3-320x202.jpeg\" class=\"attachment-blog-medium size-blog-medium wp-post-image\" alt=\"\" srcset=\"https:\/\/www.jennerbahn.de\/wp-content\/uploads\/2025\/07\/3-320x202.jpeg 320w, https:\/\/www.jennerbahn.de\/wp-content\/uploads\/2025\/07\/3-700x441.jpeg 700w\" sizes=\"(max-width: 320px) 100vw, 320px\" \/>\t\t\t<\/a>\n\t\t\t\t\t\t\t<\/div>\n<\/li>\n\t\t\t\n\t\t\t\n\t\t\t\t\t\t\t\t\t\t\t\t\t\t\t\t\t\t\t\t\t\t\t\t\t\t\t\t\t\t\t\t\t\t\t\t\t\t\t\t\t\t\t\t\t\t\t\t\t\t\t\t\t\t\t\t\t\t\t\t\t\t\t\t\t\t\t\t<\/ul>\n\t<\/div>\n\t<div class=\"fusion-post-content post-content\"><h2 class=\"blog-shortcode-post-title entry-title\"><a href=\"https:\/\/www.jennerbahn.de\/en\/from-the-pasture-to-the-plate\/\">From the pasture to the plate<\/a><\/h2><div class=\"fusion-post-content-container\"><p>Jenneralm chef Josef Meneder attaches great importance to quality from the region     \"I rely on local suppliers and transparent food chains out of conviction. The quality we get in the region is unbeatable. We therefore value our partnership with farmer Johannes Stengle, whose Galloway cattle graze in the immediate vicinity of the Jennerbahn in Sch\u00f6nau am K\u00f6nigssee\".     Johannes Stengle is only 31 years old. As a trained butcher, he is carrying on the family tradition, as his father was already a trained butcher and chef. Since 2014, Johannes has been breeding the robust Galloway cattle on his farm \u201cHofreitlehen\u201d, which are known for their [...]<\/p><\/div><\/div><div class=\"fusion-clearfix\"><\/div><\/article>\n<article id=\"blog-1-post-16197\" class=\"fusion-post-medium post-16197 post type-post status-publish format-standard has-post-thumbnail hentry category-jenner-blog-en\">\n\t<style type=\"text\/css\">\n\t\t\n\t\t\n\t\t\n\t\t\n\t\t\t<\/style>\n\n\n\t\t\t<div class=\"fusion-flexslider flexslider fusion-flexslider-loading fusion-post-slideshow\" style=\"\">\n\t\t<ul class=\"slides\">\n\t\t\t\n\t\t\t\t\t\t\t\t\t\t\t\t\t\t<li><div  class=\"fusion-image-wrapper fusion-image-size-fixed\" aria-haspopup=\"true\">\n\t\t\t\t\t\t\t<a href=\"https:\/\/www.jennerbahn.de\/en\/hiking-tip-panoramic-tour-from-the-mountain-station-to-the-middle-station-via-the-mitterkaseralm\/\" aria-label=\"Hiking tip: Panoramic tour from the mountain station to the middle station via the Mitterkaseralm\">\n\t\t\t\t\t\t\t<img decoding=\"async\" width=\"320\" height=\"202\" src=\"https:\/\/www.jennerbahn.de\/wp-content\/uploads\/2025\/05\/IMG_3324-320x202.jpg\" class=\"attachment-blog-medium size-blog-medium wp-post-image\" alt=\"\" srcset=\"https:\/\/www.jennerbahn.de\/wp-content\/uploads\/2025\/05\/IMG_3324-320x202.jpg 320w, https:\/\/www.jennerbahn.de\/wp-content\/uploads\/2025\/05\/IMG_3324-700x441.jpg 700w\" sizes=\"(max-width: 320px) 100vw, 320px\" \/>\t\t\t<\/a>\n\t\t\t\t\t\t\t<\/div>\n<\/li>\n\t\t\t\n\t\t\t\n\t\t\t\t\t\t\t\t\t\t\t\t\t\t\t\t\t\t\t\t\t\t\t\t\t\t\t\t\t\t\t\t\t\t\t\t\t\t\t\t\t\t\t\t\t\t\t\t\t\t\t\t\t\t\t\t\t\t\t\t\t\t\t\t\t\t\t\t<\/ul>\n\t<\/div>\n\t<div class=\"fusion-post-content post-content\"><h2 class=\"blog-shortcode-post-title entry-title\"><a href=\"https:\/\/www.jennerbahn.de\/en\/hiking-tip-panoramic-tour-from-the-mountain-station-to-the-middle-station-via-the-mitterkaseralm\/\">Hiking tip: Panoramic tour from the mountain station to the middle station via the Mitterkaseralm<\/a><\/h2><div class=\"fusion-post-content-container\"><p>If you're looking for a breathtaking hike in the Bavarian Alps, this panoramic trail on Mount Jenner is a must. Easily accessible via cable car, the route takes you from the summit down to the mid-station, offering stunning views of the surrounding mountains and valleys along the way.     Start your adventure with a 20-minute cable car ride from the valley station in Sch\u00f6nau am K\u00f6nigssee to the Jenner summit station, located at around 1,800 meters above sea level. As you ascend, enjoy your first glimpses of the impressive alpine scenery and the emerald-green K\u00f6nigssee far below    From the summit station, follow the well-marked trail along [...]<\/p><\/div><\/div><div class=\"fusion-clearfix\"><\/div><\/article>\n<article id=\"blog-1-post-15849\" class=\"fusion-post-medium post-15849 post type-post status-publish format-standard has-post-thumbnail hentry category-jenner-blog-en\">\n\t<style type=\"text\/css\">\n\t\t\n\t\t\n\t\t\n\t\t\n\t\t\t<\/style>\n\n\n\t\t\t<div class=\"fusion-flexslider flexslider fusion-flexslider-loading fusion-post-slideshow\" style=\"\">\n\t\t<ul class=\"slides\">\n\t\t\t\n\t\t\t\t\t\t\t\t\t\t\t\t\t\t<li><div  class=\"fusion-image-wrapper fusion-image-size-fixed\" aria-haspopup=\"true\">\n\t\t\t\t\t\t\t<a href=\"https:\/\/www.jennerbahn.de\/en\/hiking-tip-stufenweg\/\" aria-label=\"Hiking tip: Via the &#8220;Stufenweg&#8221; back to the valley station\">\n\t\t\t\t\t\t\t<img decoding=\"async\" width=\"320\" height=\"202\" src=\"https:\/\/www.jennerbahn.de\/wp-content\/uploads\/2025\/05\/9-320x202.jpeg\" class=\"attachment-blog-medium size-blog-medium wp-post-image\" alt=\"\" srcset=\"https:\/\/www.jennerbahn.de\/wp-content\/uploads\/2025\/05\/9-320x202.jpeg 320w, https:\/\/www.jennerbahn.de\/wp-content\/uploads\/2025\/05\/9-700x441.jpeg 700w\" sizes=\"(max-width: 320px) 100vw, 320px\" \/>\t\t\t<\/a>\n\t\t\t\t\t\t\t<\/div>\n<\/li>\n\t\t\t\n\t\t\t\n\t\t\t\t\t\t\t\t\t\t\t\t\t\t\t\t\t\t\t\t\t\t\t\t\t\t\t\t\t\t\t\t\t\t\t\t\t\t\t\t\t\t\t\t\t\t\t\t\t\t\t\t\t\t\t\t\t\t\t\t\t\t\t\t\t\t\t\t<\/ul>\n\t<\/div>\n\t<div class=\"fusion-post-content post-content\"><h2 class=\"blog-shortcode-post-title entry-title\"><a href=\"https:\/\/www.jennerbahn.de\/en\/hiking-tip-stufenweg\/\">Hiking tip: Via the &#8220;Stufenweg&#8221; back to the valley station<\/a><\/h2><div class=\"fusion-post-content-container\"><p>Von der Jennerbahn-Mittelstation f\u00fchrt ein steiler Steig zur\u00fcck ins Tal: Aussichtsreich durch den kurzen Abstecher auf den Brandkopf, und angenehm schattig an hei\u00dfen Sommertagen (Weg Nr. 9 auf der Jennerbahn-\u00dcbersichtskarte). Vor unserer heutigen Vormittags-Tour g\u00f6nnen wir uns noch einen Espresso im Restaurant \u201eHalbzeit\u201c an der Mittelstation der Jennerbahn. Auf den bequemen Sesseln in der Wiese genie\u00dfen wir Morgensonne und den Blick auf die Schlafende Hexe und den Untersberg. Unsere Wanderung f\u00fchrt uns auf den Brandkopf und \u00fcber den Stufenweg zur\u00fcck ins Tal. Ab der Mittelstation ist der Brandkopf gut ausgeschildert, und wir folgen dem zun\u00e4chst breiten Forstweg und halten uns an der ersten Weggabelung links. Es geht ein paar Meter steil bergab, [...]<\/p><\/div><\/div><div class=\"fusion-clearfix\"><\/div><\/article>\n<article id=\"blog-1-post-12061\" class=\"fusion-post-medium post-12061 post type-post status-publish format-standard has-post-thumbnail hentry category-jenner-blog-en\">\n\t<style type=\"text\/css\">\n\t\t\n\t\t\n\t\t\n\t\t\n\t\t\t<\/style>\n\n\n\t\t\t<div class=\"fusion-flexslider flexslider fusion-flexslider-loading fusion-post-slideshow\" style=\"\">\n\t\t<ul class=\"slides\">\n\t\t\t\n\t\t\t\t\t\t\t\t\t\t\t\t\t\t<li><div  class=\"fusion-image-wrapper fusion-image-size-fixed\" aria-haspopup=\"true\">\n\t\t\t\t\t\t\t<a href=\"https:\/\/www.jennerbahn.de\/en\/new-circular-trail-at-the-mountain-station-enjoy-a-360-alpine-panorama\/\" aria-label=\"New circular trail at the mountain station: enjoy a 360\u00b0 Alpine panorama\">\n\t\t\t\t\t\t\t<img decoding=\"async\" width=\"320\" height=\"202\" src=\"https:\/\/www.jennerbahn.de\/wp-content\/uploads\/2024\/01\/4_Hagengebirge-320x202.jpeg\" class=\"attachment-blog-medium size-blog-medium wp-post-image\" alt=\"\" srcset=\"https:\/\/www.jennerbahn.de\/wp-content\/uploads\/2024\/01\/4_Hagengebirge-320x202.jpeg 320w, https:\/\/www.jennerbahn.de\/wp-content\/uploads\/2024\/01\/4_Hagengebirge-700x441.jpeg 700w\" sizes=\"(max-width: 320px) 100vw, 320px\" \/>\t\t\t<\/a>\n\t\t\t\t\t\t\t<\/div>\n<\/li>\n\t\t\t\n\t\t\t\n\t\t\t\t\t\t\t\t\t\t\t\n\t\t\t\t\t\n\t\t\t\t\t\t\t\t\t\t\t<li>\n\t\t\t\t\t\t\t<div class=\"fusion-image-wrapper\">\n\t\t\t\t\t\t\t\t<a href=\"https:\/\/www.jennerbahn.de\/en\/new-circular-trail-at-the-mountain-station-enjoy-a-360-alpine-panorama\/\" aria-label=\"New circular trail at the mountain station: enjoy a 360\u00b0 Alpine panorama\">\n\t\t\t\t\t\t\t\t\t<img decoding=\"async\" width=\"320\" height=\"202\" src=\"https:\/\/www.jennerbahn.de\/wp-content\/uploads\/2024\/01\/0_360Grad_Rundweg-320x202.jpeg\" alt=\"\" class=\"wp-image-11624\" role=\"presentation\" srcset=\"https:\/\/www.jennerbahn.de\/wp-content\/uploads\/2024\/01\/0_360Grad_Rundweg-320x202.jpeg 320w, https:\/\/www.jennerbahn.de\/wp-content\/uploads\/2024\/01\/0_360Grad_Rundweg-700x441.jpeg 700w\" sizes=\"(max-width: 320px) 100vw, 320px\" \/>\t\t\t\t\t\t\t\t<\/a>\n\t\t\t\t\t\t\t\t<a style=\"display:none;\" href=\"https:\/\/www.jennerbahn.de\/wp-content\/uploads\/2024\/01\/0_360Grad_Rundweg-scaled.jpeg\" data-rel=\"iLightbox[gallery12061]\"  title=\"\" data-title=\"Neuer Rundweg an der Bergstation\" data-caption=\"\">\n\t\t\t\t\t\t\t\t\t\t\t\t\t\t\t\t\t<\/a>\n\t\t\t\t\t\t\t<\/div>\n\t\t\t\t\t\t<\/li>\n\t\t\t\t\t\t\t\t\t\t\t\t\t\t\t\t\t\t\t\t\t\t\t\t\t\t\t\t\t\t\t\t\t\t\t\t\t\t\t\n\t\t\t\t\t\n\t\t\t\t\t\t\t\t\t\t\t<li>\n\t\t\t\t\t\t\t<div class=\"fusion-image-wrapper\">\n\t\t\t\t\t\t\t\t<a href=\"https:\/\/www.jennerbahn.de\/en\/new-circular-trail-at-the-mountain-station-enjoy-a-360-alpine-panorama\/\" aria-label=\"New circular trail at the mountain station: enjoy a 360\u00b0 Alpine panorama\">\n\t\t\t\t\t\t\t\t\t<img decoding=\"async\" width=\"320\" height=\"202\" src=\"https:\/\/www.jennerbahn.de\/wp-content\/uploads\/2024\/01\/5_Hagengebirge-320x202.jpeg\" alt=\"\" class=\"wp-image-11628\" role=\"presentation\" srcset=\"https:\/\/www.jennerbahn.de\/wp-content\/uploads\/2024\/01\/5_Hagengebirge-320x202.jpeg 320w, https:\/\/www.jennerbahn.de\/wp-content\/uploads\/2024\/01\/5_Hagengebirge-700x441.jpeg 700w\" sizes=\"(max-width: 320px) 100vw, 320px\" \/>\t\t\t\t\t\t\t\t<\/a>\n\t\t\t\t\t\t\t\t<a style=\"display:none;\" href=\"https:\/\/www.jennerbahn.de\/wp-content\/uploads\/2024\/01\/5_Hagengebirge-scaled.jpeg\" data-rel=\"iLightbox[gallery12061]\"  title=\"\" data-title=\"Neuer Rundweg an der Bergstation\" data-caption=\"\">\n\t\t\t\t\t\t\t\t\t\t\t\t\t\t\t\t\t<\/a>\n\t\t\t\t\t\t\t<\/div>\n\t\t\t\t\t\t<\/li>\n\t\t\t\t\t\t\t\t\t\t\t\t\t\t\t\t\t\t\t\t\t\t\t\t\n\t\t\t\t\t\n\t\t\t\t\t\t\t\t\t\t\t<li>\n\t\t\t\t\t\t\t<div class=\"fusion-image-wrapper\">\n\t\t\t\t\t\t\t\t<a href=\"https:\/\/www.jennerbahn.de\/en\/new-circular-trail-at-the-mountain-station-enjoy-a-360-alpine-panorama\/\" aria-label=\"New circular trail at the mountain station: enjoy a 360\u00b0 Alpine panorama\">\n\t\t\t\t\t\t\t\t\t<img decoding=\"async\" width=\"320\" height=\"202\" src=\"https:\/\/www.jennerbahn.de\/wp-content\/uploads\/2024\/01\/7_Lebensraueme_TiereimNationalpark-320x202.jpeg\" alt=\"\" class=\"wp-image-11631\" role=\"presentation\" srcset=\"https:\/\/www.jennerbahn.de\/wp-content\/uploads\/2024\/01\/7_Lebensraueme_TiereimNationalpark-320x202.jpeg 320w, https:\/\/www.jennerbahn.de\/wp-content\/uploads\/2024\/01\/7_Lebensraueme_TiereimNationalpark-700x441.jpeg 700w\" sizes=\"(max-width: 320px) 100vw, 320px\" \/>\t\t\t\t\t\t\t\t<\/a>\n\t\t\t\t\t\t\t\t<a style=\"display:none;\" href=\"https:\/\/www.jennerbahn.de\/wp-content\/uploads\/2024\/01\/7_Lebensraueme_TiereimNationalpark-scaled.jpeg\" data-rel=\"iLightbox[gallery12061]\"  title=\"\" data-title=\"Neuer Rundweg an der Bergstation\" data-caption=\"\">\n\t\t\t\t\t\t\t\t\t\t\t\t\t\t\t\t\t<\/a>\n\t\t\t\t\t\t\t<\/div>\n\t\t\t\t\t\t<\/li>\n\t\t\t\t\t\t\t\t\t\t\t\t\t\t\t\t\t\t\t\t\t<\/ul>\n\t<\/div>\n\t<div class=\"fusion-post-content post-content\"><h2 class=\"blog-shortcode-post-title entry-title\"><a href=\"https:\/\/www.jennerbahn.de\/en\/new-circular-trail-at-the-mountain-station-enjoy-a-360-alpine-panorama\/\">New circular trail at the mountain station: enjoy a 360\u00b0 Alpine panorama<\/a><\/h2><div class=\"fusion-post-content-container\"><p> 20 Minuten dauert die Seilbahnfahrt bis zur Bergstation der Jennerbahn auf 1.800 Metern. \u00a0Nach Verlassen der Gondeln am Berg bleiben die meisten Besucher erst einmal wie angewurzelt stehen. Zu beeindruckend sind Bergwelt und das erhabene Gef\u00fchl, mitten zwischen den Gipfeln der Berchtesgadener Alpen zu stehen. Der direkte Weg auf die Sonnenterrasse der Jenneralm ist verlockend - wir aber empfehlen, sich zun\u00e4chst die Zeit f\u00fcr den Rundweg um die Bergstation zu nehmen. Hier locken grandiose Aussichten und tolle Fotomotive. Der Weg ist sichtbar beschildert mit \u201e360\u00b0\u201c, ein Einstieg ist \u00fcberall m\u00f6glich. An der Bergstation f\u00fchrt die Beschilderung erst einmal Richtung Westen zur neuen Panoramatafel neben dem Startplatz der Drachenflieger. Der weite Blick [...]<\/p><\/div><\/div><div class=\"fusion-clearfix\"><\/div><\/article>\n<article id=\"blog-1-post-12063\" class=\"fusion-post-medium post-12063 post type-post status-publish format-standard has-post-thumbnail hentry category-jenner-blog-en\">\n\t<style type=\"text\/css\">\n\t\t\n\t\t\n\t\t\n\t\t\n\t\t\t<\/style>\n\n\n\t\t\t<div class=\"fusion-flexslider flexslider fusion-flexslider-loading fusion-post-slideshow\" style=\"\">\n\t\t<ul class=\"slides\">\n\t\t\t\n\t\t\t\t\t\t\t\t\t\t\t\t\t\t<li><div  class=\"fusion-image-wrapper fusion-image-size-fixed\" aria-haspopup=\"true\">\n\t\t\t\t\t\t\t<a href=\"https:\/\/www.jennerbahn.de\/en\/first-steps-on-the-via-ferrata-the-schuetzensteig-on-the-jenner\/\" aria-label=\"First steps on the via ferrata: the Sch\u00fctzensteig on the Jenner\">\n\t\t\t\t\t\t\t<img decoding=\"async\" width=\"320\" height=\"202\" src=\"https:\/\/www.jennerbahn.de\/wp-content\/uploads\/2023\/07\/0_Aufmacherbild-320x202.jpg\" class=\"attachment-blog-medium size-blog-medium wp-post-image\" alt=\"\" srcset=\"https:\/\/www.jennerbahn.de\/wp-content\/uploads\/2023\/07\/0_Aufmacherbild-320x202.jpg 320w, https:\/\/www.jennerbahn.de\/wp-content\/uploads\/2023\/07\/0_Aufmacherbild-700x441.jpg 700w\" sizes=\"(max-width: 320px) 100vw, 320px\" \/>\t\t\t<\/a>\n\t\t\t\t\t\t\t<\/div>\n<\/li>\n\t\t\t\n\t\t\t\n\t\t\t\t\t\t\t\t\t\t\t\n\t\t\t\t\t\n\t\t\t\t\t\t\t\t\t\t\t<li>\n\t\t\t\t\t\t\t<div class=\"fusion-image-wrapper\">\n\t\t\t\t\t\t\t\t<a href=\"https:\/\/www.jennerbahn.de\/en\/first-steps-on-the-via-ferrata-the-schuetzensteig-on-the-jenner\/\" aria-label=\"First steps on the via ferrata: the Sch\u00fctzensteig on the Jenner\">\n\t\t\t\t\t\t\t\t\t<img decoding=\"async\" width=\"320\" height=\"202\" src=\"https:\/\/www.jennerbahn.de\/wp-content\/uploads\/2023\/07\/2_Infotafel-320x202.jpeg\" alt=\"\" class=\"wp-image-11505\" role=\"presentation\" srcset=\"https:\/\/www.jennerbahn.de\/wp-content\/uploads\/2023\/07\/2_Infotafel-320x202.jpeg 320w, https:\/\/www.jennerbahn.de\/wp-content\/uploads\/2023\/07\/2_Infotafel-700x441.jpeg 700w\" sizes=\"(max-width: 320px) 100vw, 320px\" \/>\t\t\t\t\t\t\t\t<\/a>\n\t\t\t\t\t\t\t\t<a style=\"display:none;\" href=\"https:\/\/www.jennerbahn.de\/wp-content\/uploads\/2023\/07\/2_Infotafel.jpeg\" data-rel=\"iLightbox[gallery12063]\"  title=\"\" data-title=\"2_Infotafel\" data-caption=\"\">\n\t\t\t\t\t\t\t\t\t\t\t\t\t\t\t\t\t<\/a>\n\t\t\t\t\t\t\t<\/div>\n\t\t\t\t\t\t<\/li>\n\t\t\t\t\t\t\t\t\t\t\t\t\t\t\t\t\t\t\t\t\t\t\t\t\n\t\t\t\t\t\n\t\t\t\t\t\t\t\t\t\t\t<li>\n\t\t\t\t\t\t\t<div class=\"fusion-image-wrapper\">\n\t\t\t\t\t\t\t\t<a href=\"https:\/\/www.jennerbahn.de\/en\/first-steps-on-the-via-ferrata-the-schuetzensteig-on-the-jenner\/\" aria-label=\"First steps on the via ferrata: the Sch\u00fctzensteig on the Jenner\">\n\t\t\t\t\t\t\t\t\t<img decoding=\"async\" width=\"320\" height=\"202\" src=\"https:\/\/www.jennerbahn.de\/wp-content\/uploads\/2023\/07\/3_Klettersteigset_anziehen-320x202.jpeg\" alt=\"\" class=\"wp-image-11506\" role=\"presentation\" srcset=\"https:\/\/www.jennerbahn.de\/wp-content\/uploads\/2023\/07\/3_Klettersteigset_anziehen-320x202.jpeg 320w, https:\/\/www.jennerbahn.de\/wp-content\/uploads\/2023\/07\/3_Klettersteigset_anziehen-700x441.jpeg 700w\" sizes=\"(max-width: 320px) 100vw, 320px\" \/>\t\t\t\t\t\t\t\t<\/a>\n\t\t\t\t\t\t\t\t<a style=\"display:none;\" href=\"https:\/\/www.jennerbahn.de\/wp-content\/uploads\/2023\/07\/3_Klettersteigset_anziehen.jpeg\" data-rel=\"iLightbox[gallery12063]\"  title=\"\" data-title=\"3_Klettersteigset_anziehen\" data-caption=\"\">\n\t\t\t\t\t\t\t\t\t\t\t\t\t\t\t\t\t<\/a>\n\t\t\t\t\t\t\t<\/div>\n\t\t\t\t\t\t<\/li>\n\t\t\t\t\t\t\t\t\t\t\t\t\t\t\t\t\t\t\t\t\t\t\t\t\n\t\t\t\t\t\n\t\t\t\t\t\t\t\t\t\t\t<li>\n\t\t\t\t\t\t\t<div class=\"fusion-image-wrapper\">\n\t\t\t\t\t\t\t\t<a href=\"https:\/\/www.jennerbahn.de\/en\/first-steps-on-the-via-ferrata-the-schuetzensteig-on-the-jenner\/\" aria-label=\"First steps on the via ferrata: the Sch\u00fctzensteig on the Jenner\">\n\t\t\t\t\t\t\t\t\t<img decoding=\"async\" width=\"320\" height=\"202\" src=\"https:\/\/www.jennerbahn.de\/wp-content\/uploads\/2023\/07\/5_inderWand-320x202.jpeg\" alt=\"\" class=\"wp-image-11507\" role=\"presentation\" srcset=\"https:\/\/www.jennerbahn.de\/wp-content\/uploads\/2023\/07\/5_inderWand-320x202.jpeg 320w, https:\/\/www.jennerbahn.de\/wp-content\/uploads\/2023\/07\/5_inderWand-700x441.jpeg 700w\" sizes=\"(max-width: 320px) 100vw, 320px\" \/>\t\t\t\t\t\t\t\t<\/a>\n\t\t\t\t\t\t\t\t<a style=\"display:none;\" href=\"https:\/\/www.jennerbahn.de\/wp-content\/uploads\/2023\/07\/5_inderWand.jpeg\" data-rel=\"iLightbox[gallery12063]\"  title=\"\" data-title=\"5_inderWand\" data-caption=\"\">\n\t\t\t\t\t\t\t\t\t\t\t\t\t\t\t\t\t<\/a>\n\t\t\t\t\t\t\t<\/div>\n\t\t\t\t\t\t<\/li>\n\t\t\t\t\t\t\t\t\t\t\t\t\t\t\t\t\t\t\t\t\t\t\t\t\n\t\t\t\t\t\n\t\t\t\t\t\t\t\t\t\t\t<li>\n\t\t\t\t\t\t\t<div class=\"fusion-image-wrapper\">\n\t\t\t\t\t\t\t\t<a href=\"https:\/\/www.jennerbahn.de\/en\/first-steps-on-the-via-ferrata-the-schuetzensteig-on-the-jenner\/\" aria-label=\"First steps on the via ferrata: the Sch\u00fctzensteig on the Jenner\">\n\t\t\t\t\t\t\t\t\t<img decoding=\"async\" width=\"320\" height=\"202\" src=\"https:\/\/www.jennerbahn.de\/wp-content\/uploads\/2023\/07\/8_geschafft-320x202.jpeg\" alt=\"\" class=\"wp-image-11508\" role=\"presentation\" srcset=\"https:\/\/www.jennerbahn.de\/wp-content\/uploads\/2023\/07\/8_geschafft-320x202.jpeg 320w, https:\/\/www.jennerbahn.de\/wp-content\/uploads\/2023\/07\/8_geschafft-700x441.jpeg 700w\" sizes=\"(max-width: 320px) 100vw, 320px\" \/>\t\t\t\t\t\t\t\t<\/a>\n\t\t\t\t\t\t\t\t<a style=\"display:none;\" href=\"https:\/\/www.jennerbahn.de\/wp-content\/uploads\/2023\/07\/8_geschafft.jpeg\" data-rel=\"iLightbox[gallery12063]\"  title=\"\" data-title=\"8_geschafft\" data-caption=\"\">\n\t\t\t\t\t\t\t\t\t\t\t\t\t\t\t\t\t<\/a>\n\t\t\t\t\t\t\t<\/div>\n\t\t\t\t\t\t<\/li>\n\t\t\t\t\t\t\t\t\t\t\t\t\t\t\t\t\t\t\t\t\t<\/ul>\n\t<\/div>\n\t<div class=\"fusion-post-content post-content\"><h2 class=\"blog-shortcode-post-title entry-title\"><a href=\"https:\/\/www.jennerbahn.de\/en\/first-steps-on-the-via-ferrata-the-schuetzensteig-on-the-jenner\/\">First steps on the via ferrata: the Sch\u00fctzensteig on the Jenner<\/a><\/h2><div class=\"fusion-post-content-container\"><p>\u00a0 Fancy a new mountain experience? For beginners and sporty families, the Sch\u00fctzensteig on the Jenner is the first choice. Young, sporty, mountain-loving: Sophia and Emeran enjoy being out and about in the mountains. After their first experience in the climbing garden, the two want to try their hand at a via ferrata for beginners. On the small Jenner mountain near the Jennerbahn mountain station, the two made their first ascent on the Sch\u00fctzensteig - and discovered a new passion. You can hire via ferrata sets from the sports store in the Jennerbahn valley station. \"The advice and the sets with the perfectly fitting climbing harness were important, so we always felt [...]<\/p><\/div><\/div><div class=\"fusion-clearfix\"><\/div><\/article>\n<article id=\"blog-1-post-12064\" class=\"fusion-post-medium post-12064 post type-post status-publish format-standard has-post-thumbnail hentry category-jenner-blog-en\">\n\t<style type=\"text\/css\">\n\t\t\n\t\t\n\t\t\n\t\t\n\t\t\t<\/style>\n\n\n\t\t\t<div class=\"fusion-flexslider flexslider fusion-flexslider-loading fusion-post-slideshow\" style=\"\">\n\t\t<ul class=\"slides\">\n\t\t\t\n\t\t\t\t\t\t\t\t\t\t\t\t\t\t<li><div  class=\"fusion-image-wrapper fusion-image-size-fixed\" aria-haspopup=\"true\">\n\t\t\t\t\t\t\t<a href=\"https:\/\/www.jennerbahn.de\/en\/carl-von-lindeweg-panoramic-hike-with-two-cable-cars\/\" aria-label=\"Carl-von-Lindeweg: Panoramic hike with two cable cars\">\n\t\t\t\t\t\t\t<img decoding=\"async\" width=\"320\" height=\"202\" src=\"https:\/\/www.jennerbahn.de\/wp-content\/uploads\/2023\/06\/1_Obersalzbergbahn-320x202.jpeg\" class=\"attachment-blog-medium size-blog-medium wp-post-image\" alt=\"\" srcset=\"https:\/\/www.jennerbahn.de\/wp-content\/uploads\/2023\/06\/1_Obersalzbergbahn-320x202.jpeg 320w, https:\/\/www.jennerbahn.de\/wp-content\/uploads\/2023\/06\/1_Obersalzbergbahn-700x441.jpeg 700w\" sizes=\"(max-width: 320px) 100vw, 320px\" \/>\t\t\t<\/a>\n\t\t\t\t\t\t\t<\/div>\n<\/li>\n\t\t\t\n\t\t\t\n\t\t\t\t\t\t\t\t\t\t\t\n\t\t\t\t\t\n\t\t\t\t\t\t\t\t\t\t\t<li>\n\t\t\t\t\t\t\t<div class=\"fusion-image-wrapper\">\n\t\t\t\t\t\t\t\t<a href=\"https:\/\/www.jennerbahn.de\/en\/carl-von-lindeweg-panoramic-hike-with-two-cable-cars\/\" aria-label=\"Carl-von-Lindeweg: Panoramic hike with two cable cars\">\n\t\t\t\t\t\t\t\t\t<img decoding=\"async\" width=\"320\" height=\"202\" src=\"https:\/\/www.jennerbahn.de\/wp-content\/uploads\/2023\/06\/3_RichtungSommerrodelbahn-320x202.jpeg\" alt=\"\" class=\"wp-image-11495\" role=\"presentation\" srcset=\"https:\/\/www.jennerbahn.de\/wp-content\/uploads\/2023\/06\/3_RichtungSommerrodelbahn-320x202.jpeg 320w, https:\/\/www.jennerbahn.de\/wp-content\/uploads\/2023\/06\/3_RichtungSommerrodelbahn-700x441.jpeg 700w\" sizes=\"(max-width: 320px) 100vw, 320px\" \/>\t\t\t\t\t\t\t\t<\/a>\n\t\t\t\t\t\t\t\t<a style=\"display:none;\" href=\"https:\/\/www.jennerbahn.de\/wp-content\/uploads\/2023\/06\/3_RichtungSommerrodelbahn-scaled.jpeg\" data-rel=\"iLightbox[gallery12064]\"  title=\"\" data-title=\"3_RichtungSommerrodelbahn\" data-caption=\"\">\n\t\t\t\t\t\t\t\t\t\t\t\t\t\t\t\t\t<\/a>\n\t\t\t\t\t\t\t<\/div>\n\t\t\t\t\t\t<\/li>\n\t\t\t\t\t\t\t\t\t\t\t\t\t\t\t\t\t\t\t\t\t\t\t\t\n\t\t\t\t\t\n\t\t\t\t\t\t\t\t\t\t\t<li>\n\t\t\t\t\t\t\t<div class=\"fusion-image-wrapper\">\n\t\t\t\t\t\t\t\t<a href=\"https:\/\/www.jennerbahn.de\/en\/carl-von-lindeweg-panoramic-hike-with-two-cable-cars\/\" aria-label=\"Carl-von-Lindeweg: Panoramic hike with two cable cars\">\n\t\t\t\t\t\t\t\t\t<img decoding=\"async\" width=\"320\" height=\"202\" src=\"https:\/\/www.jennerbahn.de\/wp-content\/uploads\/2023\/06\/8-Blumenwiese_Watzmann-1-320x202.jpeg\" alt=\"\" class=\"wp-image-11498\" role=\"presentation\" srcset=\"https:\/\/www.jennerbahn.de\/wp-content\/uploads\/2023\/06\/8-Blumenwiese_Watzmann-1-320x202.jpeg 320w, https:\/\/www.jennerbahn.de\/wp-content\/uploads\/2023\/06\/8-Blumenwiese_Watzmann-1-700x441.jpeg 700w\" sizes=\"(max-width: 320px) 100vw, 320px\" \/>\t\t\t\t\t\t\t\t<\/a>\n\t\t\t\t\t\t\t\t<a style=\"display:none;\" href=\"https:\/\/www.jennerbahn.de\/wp-content\/uploads\/2023\/06\/8-Blumenwiese_Watzmann-1-scaled.jpeg\" data-rel=\"iLightbox[gallery12064]\"  title=\"\" data-title=\"8-Blumenwiese_Watzmann\" data-caption=\"\">\n\t\t\t\t\t\t\t\t\t\t\t\t\t\t\t\t\t<\/a>\n\t\t\t\t\t\t\t<\/div>\n\t\t\t\t\t\t<\/li>\n\t\t\t\t\t\t\t\t\t\t\t\t\t\t\t\t\t\t\t\t\t\t\t\t\t\t\t\t\t\t\t\t\t\t\t\t\t\t\t\n\t\t\t\t\t\n\t\t\t\t\t\t\t\t\t\t\t<li>\n\t\t\t\t\t\t\t<div class=\"fusion-image-wrapper\">\n\t\t\t\t\t\t\t\t<a href=\"https:\/\/www.jennerbahn.de\/en\/carl-von-lindeweg-panoramic-hike-with-two-cable-cars\/\" aria-label=\"Carl-von-Lindeweg: Panoramic hike with two cable cars\">\n\t\t\t\t\t\t\t\t\t<img decoding=\"async\" width=\"320\" height=\"202\" src=\"https:\/\/www.jennerbahn.de\/wp-content\/uploads\/2023\/06\/Mittelstation_Spielplatz-2-320x202.jpeg\" alt=\"\" class=\"wp-image-11500\" role=\"presentation\" srcset=\"https:\/\/www.jennerbahn.de\/wp-content\/uploads\/2023\/06\/Mittelstation_Spielplatz-2-320x202.jpeg 320w, https:\/\/www.jennerbahn.de\/wp-content\/uploads\/2023\/06\/Mittelstation_Spielplatz-2-700x441.jpeg 700w\" sizes=\"(max-width: 320px) 100vw, 320px\" \/>\t\t\t\t\t\t\t\t<\/a>\n\t\t\t\t\t\t\t\t<a style=\"display:none;\" href=\"https:\/\/www.jennerbahn.de\/wp-content\/uploads\/2023\/06\/Mittelstation_Spielplatz-2-scaled.jpeg\" data-rel=\"iLightbox[gallery12064]\"  title=\"\" data-title=\"Mittelstation_Spielplatz\" data-caption=\"\">\n\t\t\t\t\t\t\t\t\t\t\t\t\t\t\t\t\t<\/a>\n\t\t\t\t\t\t\t<\/div>\n\t\t\t\t\t\t<\/li>\n\t\t\t\t\t\t\t\t\t\t\t\t\t\t\t\t\t\t\t\t\t<\/ul>\n\t<\/div>\n\t<div class=\"fusion-post-content post-content\"><h2 class=\"blog-shortcode-post-title entry-title\"><a href=\"https:\/\/www.jennerbahn.de\/en\/carl-von-lindeweg-panoramic-hike-with-two-cable-cars\/\">Carl-von-Lindeweg: Panoramic hike with two cable cars<\/a><\/h2><div class=\"fusion-post-content-container\"><p>Panoramic hike with two cable cars I confess: I may be an employee of the Jennerbahn, but I'm also a real fan of the Obersalzbergbahn. The little red gondolas from 1949 have a wonderful touch of nostalgia. They take their passengers comfortably up to the Carl-von-Linde trail, a high-altitude hiking trail that connects the Obersalzberg documentation with the Scharitzkehl alpine pasture in front of the G\u00f6ll west face. The mostly well-shaded forest path leads along the slopes of the Obersalzberg and repeatedly offers wonderful views of the valley. If you can manage a few climbs on the mostly flat trail, we recommend the hike from the Obersalzbergbahn mountain station to the Jennerbahn [...]<\/p><\/div><\/div><div class=\"fusion-clearfix\"><\/div><\/article>\n<article id=\"blog-1-post-12065\" class=\"fusion-post-medium post-12065 post type-post status-publish format-standard has-post-thumbnail hentry category-jenner-blog-en\">\n\t<style type=\"text\/css\">\n\t\t\n\t\t\n\t\t\n\t\t\n\t\t\t<\/style>\n\n\n\t\t\t<div class=\"fusion-flexslider flexslider fusion-flexslider-loading fusion-post-slideshow\" style=\"\">\n\t\t<ul class=\"slides\">\n\t\t\t\n\t\t\t\t\t\t\t\t\t\t\t\t\t\t<li><div  class=\"fusion-image-wrapper fusion-image-size-fixed\" aria-haspopup=\"true\">\n\t\t\t\t\t\t\t<a href=\"https:\/\/www.jennerbahn.de\/en\/experience-the-national-park-on-the-jenner-summit\/\" aria-label=\"Experience the national park on the Jenner summit\">\n\t\t\t\t\t\t\t<img decoding=\"async\" width=\"320\" height=\"202\" src=\"https:\/\/www.jennerbahn.de\/wp-content\/uploads\/2022\/01\/image00018-1-320x202.jpeg\" class=\"attachment-blog-medium size-blog-medium wp-post-image\" alt=\"\" srcset=\"https:\/\/www.jennerbahn.de\/wp-content\/uploads\/2022\/01\/image00018-1-320x202.jpeg 320w, https:\/\/www.jennerbahn.de\/wp-content\/uploads\/2022\/01\/image00018-1-700x441.jpeg 700w\" sizes=\"(max-width: 320px) 100vw, 320px\" \/>\t\t\t<\/a>\n\t\t\t\t\t\t\t<\/div>\n<\/li>\n\t\t\t\n\t\t\t\n\t\t\t\t\t\t\t\t\t\t\t\n\t\t\t\t\t\n\t\t\t\t\t\t\t\t\t\t\t<li>\n\t\t\t\t\t\t\t<div class=\"fusion-image-wrapper\">\n\t\t\t\t\t\t\t\t<a href=\"https:\/\/www.jennerbahn.de\/en\/experience-the-national-park-on-the-jenner-summit\/\" aria-label=\"Experience the national park on the Jenner summit\">\n\t\t\t\t\t\t\t\t\t<img decoding=\"async\" width=\"320\" height=\"202\" src=\"https:\/\/www.jennerbahn.de\/wp-content\/uploads\/2022\/01\/image00024-1-320x202.jpeg\" alt=\"\" class=\"wp-image-11124\" role=\"presentation\" srcset=\"https:\/\/www.jennerbahn.de\/wp-content\/uploads\/2022\/01\/image00024-1-320x202.jpeg 320w, https:\/\/www.jennerbahn.de\/wp-content\/uploads\/2022\/01\/image00024-1-700x441.jpeg 700w\" sizes=\"(max-width: 320px) 100vw, 320px\" \/>\t\t\t\t\t\t\t\t<\/a>\n\t\t\t\t\t\t\t\t<a style=\"display:none;\" href=\"https:\/\/www.jennerbahn.de\/wp-content\/uploads\/2022\/01\/image00024-1-scaled.jpeg\" data-rel=\"iLightbox[gallery12065]\"  title=\"\" data-title=\"Infostelle Nationalpark am Jennergipfel\" data-caption=\"\">\n\t\t\t\t\t\t\t\t\t\t\t\t\t\t\t\t\t<\/a>\n\t\t\t\t\t\t\t<\/div>\n\t\t\t\t\t\t<\/li>\n\t\t\t\t\t\t\t\t\t\t\t\t\t\t\t\t\t\t\t\t\t\t\t\t\n\t\t\t\t\t\n\t\t\t\t\t\t\t\t\t\t\t<li>\n\t\t\t\t\t\t\t<div class=\"fusion-image-wrapper\">\n\t\t\t\t\t\t\t\t<a href=\"https:\/\/www.jennerbahn.de\/en\/experience-the-national-park-on-the-jenner-summit\/\" aria-label=\"Experience the national park on the Jenner summit\">\n\t\t\t\t\t\t\t\t\t<img decoding=\"async\" width=\"320\" height=\"202\" src=\"https:\/\/www.jennerbahn.de\/wp-content\/uploads\/2022\/01\/image00029-1-320x202.jpeg\" alt=\"\" class=\"wp-image-11127\" role=\"presentation\" srcset=\"https:\/\/www.jennerbahn.de\/wp-content\/uploads\/2022\/01\/image00029-1-320x202.jpeg 320w, https:\/\/www.jennerbahn.de\/wp-content\/uploads\/2022\/01\/image00029-1-700x441.jpeg 700w\" sizes=\"(max-width: 320px) 100vw, 320px\" \/>\t\t\t\t\t\t\t\t<\/a>\n\t\t\t\t\t\t\t\t<a style=\"display:none;\" href=\"https:\/\/www.jennerbahn.de\/wp-content\/uploads\/2022\/01\/image00029-1-scaled.jpeg\" data-rel=\"iLightbox[gallery12065]\"  title=\"\" data-title=\"neuer Nationalparkraum Jenner Bergstation\" data-caption=\"\">\n\t\t\t\t\t\t\t\t\t\t\t\t\t\t\t\t\t<\/a>\n\t\t\t\t\t\t\t<\/div>\n\t\t\t\t\t\t<\/li>\n\t\t\t\t\t\t\t\t\t\t\t\t\t\t\t\t\t\t\t\t\t\t\t\t\n\t\t\t\t\t\n\t\t\t\t\t\t\t\t\t\t\t<li>\n\t\t\t\t\t\t\t<div class=\"fusion-image-wrapper\">\n\t\t\t\t\t\t\t\t<a href=\"https:\/\/www.jennerbahn.de\/en\/experience-the-national-park-on-the-jenner-summit\/\" aria-label=\"Experience the national park on the Jenner summit\">\n\t\t\t\t\t\t\t\t\t<img decoding=\"async\" width=\"320\" height=\"202\" src=\"https:\/\/www.jennerbahn.de\/wp-content\/uploads\/2022\/01\/image00020-1-320x202.jpeg\" alt=\"\" class=\"wp-image-11129\" role=\"presentation\" srcset=\"https:\/\/www.jennerbahn.de\/wp-content\/uploads\/2022\/01\/image00020-1-320x202.jpeg 320w, https:\/\/www.jennerbahn.de\/wp-content\/uploads\/2022\/01\/image00020-1-700x441.jpeg 700w\" sizes=\"(max-width: 320px) 100vw, 320px\" \/>\t\t\t\t\t\t\t\t<\/a>\n\t\t\t\t\t\t\t\t<a style=\"display:none;\" href=\"https:\/\/www.jennerbahn.de\/wp-content\/uploads\/2022\/01\/image00020-1-scaled.jpeg\" data-rel=\"iLightbox[gallery12065]\"  title=\"\" data-title=\"Magdalena Deelmann in der Infostelle\" data-caption=\"\">\n\t\t\t\t\t\t\t\t\t\t\t\t\t\t\t\t\t<\/a>\n\t\t\t\t\t\t\t<\/div>\n\t\t\t\t\t\t<\/li>\n\t\t\t\t\t\t\t\t\t\t\t\t\t\t\t\t\t\t\t\t\t\t\t\t\t\t\t\t\t\t\t\t\t\t\t\t<\/ul>\n\t<\/div>\n\t<div class=\"fusion-post-content post-content\"><h2 class=\"blog-shortcode-post-title entry-title\"><a href=\"https:\/\/www.jennerbahn.de\/en\/experience-the-national-park-on-the-jenner-summit\/\">Experience the national park on the Jenner summit<\/a><\/h2><div class=\"fusion-post-content-container\"><p>The highest information point in Berchtesgaden National Park now has another exhibition room. Every day, visitors can find out about the flora and fauna in the national park. Many topics are also specially prepared for children. Magdalena Deelmann works in the national park. The 29-year-old geographer, who comes from M\u00fcnsterland, took the opportunity to research and work in one of Germany's most beautiful national parks after completing her studies. Together with three other colleagues, she will be happy to answer questions from interested visitors in the exhibition and in the grounds. She passionately explains the concept of the exhibition, the sensitive wildlife in the summit area of the Jenner and raves about [...]<\/p><\/div><\/div><div class=\"fusion-clearfix\"><\/div><\/article>\n<article id=\"blog-1-post-12066\" class=\"fusion-post-medium post-12066 post type-post status-publish format-standard has-post-thumbnail hentry category-jenner-blog-en tag-cooking tag-jenner-en tag-kitchen tag-mountain\">\n\t<style type=\"text\/css\">\n\t\t\n\t\t\n\t\t\n\t\t\n\t\t\t<\/style>\n\n\n\t\t\t<div class=\"fusion-flexslider flexslider fusion-flexslider-loading fusion-post-slideshow\" style=\"\">\n\t\t<ul class=\"slides\">\n\t\t\t\n\t\t\t\t\t\t\t\t\t\t\t\t\t\t<li><div  class=\"fusion-image-wrapper fusion-image-size-fixed\" aria-haspopup=\"true\">\n\t\t\t\t\t\t\t<a href=\"https:\/\/www.jennerbahn.de\/en\/a-pinch-of-extra-cooking-differently-on-the-mountain\/\" aria-label=\"A pinch of extra: cooking differently on the mountain\">\n\t\t\t\t\t\t\t<img decoding=\"async\" width=\"320\" height=\"202\" src=\"https:\/\/www.jennerbahn.de\/wp-content\/uploads\/2021\/12\/Kraeuter-320x202.jpeg\" class=\"attachment-blog-medium size-blog-medium wp-post-image\" alt=\"\" srcset=\"https:\/\/www.jennerbahn.de\/wp-content\/uploads\/2021\/12\/Kraeuter-320x202.jpeg 320w, https:\/\/www.jennerbahn.de\/wp-content\/uploads\/2021\/12\/Kraeuter-700x441.jpeg 700w\" sizes=\"(max-width: 320px) 100vw, 320px\" \/>\t\t\t<\/a>\n\t\t\t\t\t\t\t<\/div>\n<\/li>\n\t\t\t\n\t\t\t\n\t\t\t\t\t\t\t\t\t\t\t\n\t\t\t\t\t\n\t\t\t\t\t\t\t\t\t\t\t<li>\n\t\t\t\t\t\t\t<div class=\"fusion-image-wrapper\">\n\t\t\t\t\t\t\t\t<a href=\"https:\/\/www.jennerbahn.de\/en\/a-pinch-of-extra-cooking-differently-on-the-mountain\/\" aria-label=\"A pinch of extra: cooking differently on the mountain\">\n\t\t\t\t\t\t\t\t\t<img decoding=\"async\" width=\"320\" height=\"202\" src=\"https:\/\/www.jennerbahn.de\/wp-content\/uploads\/2021\/12\/WegzurArbeit-320x202.jpeg\" alt=\"\" class=\"wp-image-11101\" role=\"presentation\" srcset=\"https:\/\/www.jennerbahn.de\/wp-content\/uploads\/2021\/12\/WegzurArbeit-320x202.jpeg 320w, https:\/\/www.jennerbahn.de\/wp-content\/uploads\/2021\/12\/WegzurArbeit-700x441.jpeg 700w\" sizes=\"(max-width: 320px) 100vw, 320px\" \/>\t\t\t\t\t\t\t\t<\/a>\n\t\t\t\t\t\t\t\t<a style=\"display:none;\" href=\"https:\/\/www.jennerbahn.de\/wp-content\/uploads\/2021\/12\/WegzurArbeit-scaled.jpeg\" data-rel=\"iLightbox[gallery12066]\"  title=\"\" data-title=\"Arbeitsweg Jennerbahn\" data-caption=\"\">\n\t\t\t\t\t\t\t\t\t\t\t\t\t\t\t\t\t<\/a>\n\t\t\t\t\t\t\t<\/div>\n\t\t\t\t\t\t<\/li>\n\t\t\t\t\t\t\t\t\t\t\t\t\t\t\t\t\t\t\t\t\t\t\t\t\n\t\t\t\t\t\n\t\t\t\t\t\t\t\t\t\t\t<li>\n\t\t\t\t\t\t\t<div class=\"fusion-image-wrapper\">\n\t\t\t\t\t\t\t\t<a href=\"https:\/\/www.jennerbahn.de\/en\/a-pinch-of-extra-cooking-differently-on-the-mountain\/\" aria-label=\"A pinch of extra: cooking differently on the mountain\">\n\t\t\t\t\t\t\t\t\t<img decoding=\"async\" width=\"320\" height=\"202\" src=\"https:\/\/www.jennerbahn.de\/wp-content\/uploads\/2021\/12\/BGLandMilch_und_Salzburg-320x202.jpeg\" alt=\"\" class=\"wp-image-11103\" role=\"presentation\" srcset=\"https:\/\/www.jennerbahn.de\/wp-content\/uploads\/2021\/12\/BGLandMilch_und_Salzburg-320x202.jpeg 320w, https:\/\/www.jennerbahn.de\/wp-content\/uploads\/2021\/12\/BGLandMilch_und_Salzburg-700x441.jpeg 700w\" sizes=\"(max-width: 320px) 100vw, 320px\" \/>\t\t\t\t\t\t\t\t<\/a>\n\t\t\t\t\t\t\t\t<a style=\"display:none;\" href=\"https:\/\/www.jennerbahn.de\/wp-content\/uploads\/2021\/12\/BGLandMilch_und_Salzburg-scaled.jpeg\" data-rel=\"iLightbox[gallery12066]\"  title=\"\" data-title=\"Regionale Zutaten f\u00fcr die Gastronomie\" data-caption=\"\">\n\t\t\t\t\t\t\t\t\t\t\t\t\t\t\t\t\t<\/a>\n\t\t\t\t\t\t\t<\/div>\n\t\t\t\t\t\t<\/li>\n\t\t\t\t\t\t\t\t\t\t\t\t\t\t\t\t\t\t\t\t\t\t\t\t\n\t\t\t\t\t\n\t\t\t\t\t\t\t\t\t\t\t<li>\n\t\t\t\t\t\t\t<div class=\"fusion-image-wrapper\">\n\t\t\t\t\t\t\t\t<a href=\"https:\/\/www.jennerbahn.de\/en\/a-pinch-of-extra-cooking-differently-on-the-mountain\/\" aria-label=\"A pinch of extra: cooking differently on the mountain\">\n\t\t\t\t\t\t\t\t\t<img decoding=\"async\" width=\"320\" height=\"202\" src=\"https:\/\/www.jennerbahn.de\/wp-content\/uploads\/2021\/12\/Salzen-320x202.jpeg\" alt=\"\" class=\"wp-image-11104\" role=\"presentation\" srcset=\"https:\/\/www.jennerbahn.de\/wp-content\/uploads\/2021\/12\/Salzen-320x202.jpeg 320w, https:\/\/www.jennerbahn.de\/wp-content\/uploads\/2021\/12\/Salzen-700x441.jpeg 700w\" sizes=\"(max-width: 320px) 100vw, 320px\" \/>\t\t\t\t\t\t\t\t<\/a>\n\t\t\t\t\t\t\t\t<a style=\"display:none;\" href=\"https:\/\/www.jennerbahn.de\/wp-content\/uploads\/2021\/12\/Salzen-scaled.jpeg\" data-rel=\"iLightbox[gallery12066]\"  title=\"\" data-title=\"Das Kochen am Berg erfordert Fingerspitzengef\u00fchl\" data-caption=\"\">\n\t\t\t\t\t\t\t\t\t\t\t\t\t\t\t\t\t<\/a>\n\t\t\t\t\t\t\t<\/div>\n\t\t\t\t\t\t<\/li>\n\t\t\t\t\t\t\t\t\t\t\t\t\t\t\t\t\t\t\t\t\t\t\t\t\n\t\t\t\t\t\n\t\t\t\t\t\t\t\t\t\t\t<li>\n\t\t\t\t\t\t\t<div class=\"fusion-image-wrapper\">\n\t\t\t\t\t\t\t\t<a href=\"https:\/\/www.jennerbahn.de\/en\/a-pinch-of-extra-cooking-differently-on-the-mountain\/\" aria-label=\"A pinch of extra: cooking differently on the mountain\">\n\t\t\t\t\t\t\t\t\t<img decoding=\"async\" width=\"320\" height=\"202\" src=\"https:\/\/www.jennerbahn.de\/wp-content\/uploads\/2021\/12\/Technikcheck-320x202.jpeg\" alt=\"\" class=\"wp-image-11105\" role=\"presentation\" srcset=\"https:\/\/www.jennerbahn.de\/wp-content\/uploads\/2021\/12\/Technikcheck-320x202.jpeg 320w, https:\/\/www.jennerbahn.de\/wp-content\/uploads\/2021\/12\/Technikcheck-700x441.jpeg 700w\" sizes=\"(max-width: 320px) 100vw, 320px\" \/>\t\t\t\t\t\t\t\t<\/a>\n\t\t\t\t\t\t\t\t<a style=\"display:none;\" href=\"https:\/\/www.jennerbahn.de\/wp-content\/uploads\/2021\/12\/Technikcheck-scaled.jpeg\" data-rel=\"iLightbox[gallery12066]\"  title=\"\" data-title=\"Technikcheck in der Gastronomie\" data-caption=\"\">\n\t\t\t\t\t\t\t\t\t\t\t\t\t\t\t\t\t<\/a>\n\t\t\t\t\t\t\t<\/div>\n\t\t\t\t\t\t<\/li>\n\t\t\t\t\t\t\t\t\t\t\t\t\t\t\t\t\t\t\t\t\t<\/ul>\n\t<\/div>\n\t<div class=\"fusion-post-content post-content\"><h2 class=\"blog-shortcode-post-title entry-title\"><a href=\"https:\/\/www.jennerbahn.de\/en\/a-pinch-of-extra-cooking-differently-on-the-mountain\/\">A pinch of extra: cooking differently on the mountain<\/a><\/h2><div class=\"fusion-post-content-container\"><p>Josef Meneder has a magical empire. At 1,800 meters, on the Jenner above Lake K\u00f6nigssee, the trained chef and master chef is the master of two restaurants in a prime location, including a panoramic terrace with views of the peaks of the Berchtesgaden Alps and into Salzburger Land. Every morning, the 41-year-old Austrian looks forward to his journey to work. Together with his kitchen and service team, he enjoys the view from the gondola and the early morning sun. The JENNERALM, a state-of-the-art restaurant, was built at the mountain station in 2019 with the construction of the new cable car, where high-class events are also held in addition to catering for day [...]<\/p><\/div><\/div><div class=\"fusion-clearfix\"><\/div><\/article>\n<article id=\"blog-1-post-12067\" class=\"fusion-post-medium post-12067 post type-post status-publish format-standard has-post-thumbnail hentry category-jenner-blog-en\">\n\t<style type=\"text\/css\">\n\t\t\n\t\t\n\t\t\n\t\t\n\t\t\t<\/style>\n\n\n\t\t\t<div class=\"fusion-flexslider flexslider fusion-flexslider-loading fusion-post-slideshow\" style=\"\">\n\t\t<ul class=\"slides\">\n\t\t\t\n\t\t\t\t\t\t\t\t\t\t\t\t\t\t<li><div  class=\"fusion-image-wrapper fusion-image-size-fixed\" aria-haspopup=\"true\">\n\t\t\t\t\t\t\t<a href=\"https:\/\/www.jennerbahn.de\/en\/the-technology-of-the-jennerbahn\/\" aria-label=\"The technology of the Jennerbahn\">\n\t\t\t\t\t\t\t<img decoding=\"async\" width=\"320\" height=\"202\" src=\"https:\/\/www.jennerbahn.de\/wp-content\/uploads\/2021\/09\/IMG-20210915-WA0032-1-320x202.jpg\" class=\"attachment-blog-medium size-blog-medium wp-post-image\" alt=\"\" srcset=\"https:\/\/www.jennerbahn.de\/wp-content\/uploads\/2021\/09\/IMG-20210915-WA0032-1-320x202.jpg 320w, https:\/\/www.jennerbahn.de\/wp-content\/uploads\/2021\/09\/IMG-20210915-WA0032-1-700x441.jpg 700w\" sizes=\"(max-width: 320px) 100vw, 320px\" \/>\t\t\t<\/a>\n\t\t\t\t\t\t\t<\/div>\n<\/li>\n\t\t\t\n\t\t\t\n\t\t\t\t\t\t\t\t\t\t\t\n\t\t\t\t\t\n\t\t\t\t\t\t\t\t\t\t\t<li>\n\t\t\t\t\t\t\t<div class=\"fusion-image-wrapper\">\n\t\t\t\t\t\t\t\t<a href=\"https:\/\/www.jennerbahn.de\/en\/the-technology-of-the-jennerbahn\/\" aria-label=\"The technology of the Jennerbahn\">\n\t\t\t\t\t\t\t\t\t<img decoding=\"async\" width=\"320\" height=\"202\" src=\"https:\/\/www.jennerbahn.de\/wp-content\/uploads\/2021\/09\/IMG-20210915-WA0025-3-320x202.jpg\" alt=\"\" class=\"wp-image-11029\" role=\"presentation\"\/>\t\t\t\t\t\t\t\t<\/a>\n\t\t\t\t\t\t\t\t<a style=\"display:none;\" href=\"https:\/\/www.jennerbahn.de\/wp-content\/uploads\/2021\/09\/IMG-20210915-WA0025-3-scaled-e1631794469342.jpg\" data-rel=\"iLightbox[gallery12067]\"  title=\"\" data-title=\"IMG-20210915-WA0025\" data-caption=\"\">\n\t\t\t\t\t\t\t\t\t\t\t\t\t\t\t\t\t<\/a>\n\t\t\t\t\t\t\t<\/div>\n\t\t\t\t\t\t<\/li>\n\t\t\t\t\t\t\t\t\t\t\t\t\t\t\t\t\t\t\t\t\t\t\t\t\n\t\t\t\t\t\n\t\t\t\t\t\t\t\t\t\t\t<li>\n\t\t\t\t\t\t\t<div class=\"fusion-image-wrapper\">\n\t\t\t\t\t\t\t\t<a href=\"https:\/\/www.jennerbahn.de\/en\/the-technology-of-the-jennerbahn\/\" aria-label=\"The technology of the Jennerbahn\">\n\t\t\t\t\t\t\t\t\t<img decoding=\"async\" width=\"320\" height=\"202\" src=\"https:\/\/www.jennerbahn.de\/wp-content\/uploads\/2021\/09\/IMG-20210915-WA0006-320x202.jpg\" alt=\"\" class=\"wp-image-11030\" role=\"presentation\"\/>\t\t\t\t\t\t\t\t<\/a>\n\t\t\t\t\t\t\t\t<a style=\"display:none;\" href=\"https:\/\/www.jennerbahn.de\/wp-content\/uploads\/2021\/09\/IMG-20210915-WA0006-scaled-e1631794504808.jpg\" data-rel=\"iLightbox[gallery12067]\"  title=\"\" data-title=\"IMG-20210915-WA0006\" data-caption=\"\">\n\t\t\t\t\t\t\t\t\t\t\t\t\t\t\t\t\t<\/a>\n\t\t\t\t\t\t\t<\/div>\n\t\t\t\t\t\t<\/li>\n\t\t\t\t\t\t\t\t\t\t\t\t\t\t\t\t\t\t\t\t\t\t\t\t\n\t\t\t\t\t\n\t\t\t\t\t\t\t\t\t\t\t<li>\n\t\t\t\t\t\t\t<div class=\"fusion-image-wrapper\">\n\t\t\t\t\t\t\t\t<a href=\"https:\/\/www.jennerbahn.de\/en\/the-technology-of-the-jennerbahn\/\" aria-label=\"The technology of the Jennerbahn\">\n\t\t\t\t\t\t\t\t\t<img decoding=\"async\" width=\"320\" height=\"202\" src=\"https:\/\/www.jennerbahn.de\/wp-content\/uploads\/2021\/09\/IMG-20210715-WA0001-320x202.jpg\" alt=\"\" class=\"wp-image-11031\" role=\"presentation\"\/>\t\t\t\t\t\t\t\t<\/a>\n\t\t\t\t\t\t\t\t<a style=\"display:none;\" href=\"https:\/\/www.jennerbahn.de\/wp-content\/uploads\/2021\/09\/IMG-20210715-WA0001-scaled-e1631794542248.jpg\" data-rel=\"iLightbox[gallery12067]\"  title=\"\" data-title=\"IMG-20210715-WA0001\" data-caption=\"\">\n\t\t\t\t\t\t\t\t\t\t\t\t\t\t\t\t\t<\/a>\n\t\t\t\t\t\t\t<\/div>\n\t\t\t\t\t\t<\/li>\n\t\t\t\t\t\t\t\t\t\t\t\t\t\t\t\t\t\t\t\t\t\t\t\t\n\t\t\t\t\t\n\t\t\t\t\t\t\t\t\t\t\t<li>\n\t\t\t\t\t\t\t<div class=\"fusion-image-wrapper\">\n\t\t\t\t\t\t\t\t<a href=\"https:\/\/www.jennerbahn.de\/en\/the-technology-of-the-jennerbahn\/\" aria-label=\"The technology of the Jennerbahn\">\n\t\t\t\t\t\t\t\t\t<img decoding=\"async\" width=\"320\" height=\"202\" src=\"https:\/\/www.jennerbahn.de\/wp-content\/uploads\/2021\/09\/IMG-20210715-WA0005-320x202.jpg\" alt=\"\" class=\"wp-image-11032\" role=\"presentation\" srcset=\"https:\/\/www.jennerbahn.de\/wp-content\/uploads\/2021\/09\/IMG-20210715-WA0005-320x202.jpg 320w, https:\/\/www.jennerbahn.de\/wp-content\/uploads\/2021\/09\/IMG-20210715-WA0005-700x441.jpg 700w\" sizes=\"(max-width: 320px) 100vw, 320px\" \/>\t\t\t\t\t\t\t\t<\/a>\n\t\t\t\t\t\t\t\t<a style=\"display:none;\" href=\"https:\/\/www.jennerbahn.de\/wp-content\/uploads\/2021\/09\/IMG-20210715-WA0005.jpg\" data-rel=\"iLightbox[gallery12067]\"  title=\"\" data-title=\"IMG-20210715-WA0005\" data-caption=\"\">\n\t\t\t\t\t\t\t\t\t\t\t\t\t\t\t\t\t<\/a>\n\t\t\t\t\t\t\t<\/div>\n\t\t\t\t\t\t<\/li>\n\t\t\t\t\t\t\t\t\t\t\t\t\t\t\t\t\t\t\t\t\t<\/ul>\n\t<\/div>\n\t<div class=\"fusion-post-content post-content\"><h2 class=\"blog-shortcode-post-title entry-title\"><a href=\"https:\/\/www.jennerbahn.de\/en\/the-technology-of-the-jennerbahn\/\">The technology of the Jennerbahn<\/a><\/h2><div class=\"fusion-post-content-container\"><p>Insights behind the scenes. How exactly does the new Jennerbahn work and how does it differ technically from the old one? We want to answer these questions today and give you an insight into the technology of the Jennerbahn. \"The old valley station was my birthplace, nursery and playground,\" says our deputy operations manager Max Bosch. He is deeply rooted in the Jennerbahn, his father worked for over three decades as operations manager and board member at Berchtesgadener Bergbahn AG. Max therefore came into contact with the cable car at an early age. After vacation jobs and weekend work, he has been a permanent employee since 2006 and deputy operations manager since [...]<\/p><\/div><\/div><div class=\"fusion-clearfix\"><\/div><\/article>\n<article id=\"blog-1-post-12068\" class=\"fusion-post-medium post-12068 post type-post status-publish format-standard has-post-thumbnail hentry category-jenner-blog-en\">\n\t<style type=\"text\/css\">\n\t\t\n\t\t\n\t\t\n\t\t\n\t\t\t<\/style>\n\n\n\t\t\t<div class=\"fusion-flexslider flexslider fusion-flexslider-loading fusion-post-slideshow\" style=\"\">\n\t\t<ul class=\"slides\">\n\t\t\t\n\t\t\t\t\t\t\t\t\t\t\t\t\t\t<li><div  class=\"fusion-image-wrapper fusion-image-size-fixed\" aria-haspopup=\"true\">\n\t\t\t\t\t\t\t<a href=\"https:\/\/www.jennerbahn.de\/en\/jennershop-at-1800-m\/\" aria-label=\"Jennershop at 1,800 m\">\n\t\t\t\t\t\t\t<img decoding=\"async\" width=\"320\" height=\"202\" src=\"https:\/\/www.jennerbahn.de\/wp-content\/uploads\/2021\/09\/bb50981c-502f-457f-9205-4c73a650ab64-320x202.jpg\" class=\"attachment-blog-medium size-blog-medium wp-post-image\" alt=\"\" srcset=\"https:\/\/www.jennerbahn.de\/wp-content\/uploads\/2021\/09\/bb50981c-502f-457f-9205-4c73a650ab64-320x202.jpg 320w, https:\/\/www.jennerbahn.de\/wp-content\/uploads\/2021\/09\/bb50981c-502f-457f-9205-4c73a650ab64-700x441.jpg 700w\" sizes=\"(max-width: 320px) 100vw, 320px\" \/>\t\t\t<\/a>\n\t\t\t\t\t\t\t<\/div>\n<\/li>\n\t\t\t\n\t\t\t\n\t\t\t\t\t\t\t\t\t\t\t\n\t\t\t\t\t\n\t\t\t\t\t\t\t\t\t\t\t<li>\n\t\t\t\t\t\t\t<div class=\"fusion-image-wrapper\">\n\t\t\t\t\t\t\t\t<a href=\"https:\/\/www.jennerbahn.de\/en\/jennershop-at-1800-m\/\" aria-label=\"Jennershop at 1,800 m\">\n\t\t\t\t\t\t\t\t\t<img decoding=\"async\" width=\"320\" height=\"202\" src=\"https:\/\/www.jennerbahn.de\/wp-content\/uploads\/2021\/09\/03d6b008-1daf-4202-8524-0e546dcb2657-320x202.jpg\" alt=\"\" class=\"wp-image-11017\" role=\"presentation\" srcset=\"https:\/\/www.jennerbahn.de\/wp-content\/uploads\/2021\/09\/03d6b008-1daf-4202-8524-0e546dcb2657-320x202.jpg 320w, https:\/\/www.jennerbahn.de\/wp-content\/uploads\/2021\/09\/03d6b008-1daf-4202-8524-0e546dcb2657-700x441.jpg 700w\" sizes=\"(max-width: 320px) 100vw, 320px\" \/>\t\t\t\t\t\t\t\t<\/a>\n\t\t\t\t\t\t\t\t<a style=\"display:none;\" href=\"https:\/\/www.jennerbahn.de\/wp-content\/uploads\/2021\/09\/03d6b008-1daf-4202-8524-0e546dcb2657.jpg\" data-rel=\"iLightbox[gallery12068]\"  title=\"\" data-title=\"Jennershop &#8211; gro\u00dfes Gra\u00dfl Sortiment\" data-caption=\"\">\n\t\t\t\t\t\t\t\t\t\t\t\t\t\t\t\t\t<\/a>\n\t\t\t\t\t\t\t<\/div>\n\t\t\t\t\t\t<\/li>\n\t\t\t\t\t\t\t\t\t\t\t\t\t\t\t\t\t\t\t\t\t\t\t\t\n\t\t\t\t\t\n\t\t\t\t\t\t\t\t\t\t\t<li>\n\t\t\t\t\t\t\t<div class=\"fusion-image-wrapper\">\n\t\t\t\t\t\t\t\t<a href=\"https:\/\/www.jennerbahn.de\/en\/jennershop-at-1800-m\/\" aria-label=\"Jennershop at 1,800 m\">\n\t\t\t\t\t\t\t\t\t<img decoding=\"async\" width=\"320\" height=\"202\" src=\"https:\/\/www.jennerbahn.de\/wp-content\/uploads\/2021\/09\/8d335d37-9642-493a-b0a8-64334a2067a2-320x202.jpg\" alt=\"\" class=\"wp-image-11019\" role=\"presentation\" srcset=\"https:\/\/www.jennerbahn.de\/wp-content\/uploads\/2021\/09\/8d335d37-9642-493a-b0a8-64334a2067a2-320x202.jpg 320w, https:\/\/www.jennerbahn.de\/wp-content\/uploads\/2021\/09\/8d335d37-9642-493a-b0a8-64334a2067a2-700x441.jpg 700w\" sizes=\"(max-width: 320px) 100vw, 320px\" \/>\t\t\t\t\t\t\t\t<\/a>\n\t\t\t\t\t\t\t\t<a style=\"display:none;\" href=\"https:\/\/www.jennerbahn.de\/wp-content\/uploads\/2021\/09\/8d335d37-9642-493a-b0a8-64334a2067a2.jpg\" data-rel=\"iLightbox[gallery12068]\"  title=\"\" data-title=\"Verkauf und Beratung im Jennershop\" data-caption=\"\">\n\t\t\t\t\t\t\t\t\t\t\t\t\t\t\t\t\t<\/a>\n\t\t\t\t\t\t\t<\/div>\n\t\t\t\t\t\t<\/li>\n\t\t\t\t\t\t\t\t\t\t\t\t\t\t\t\t\t\t\t\t\t\t\t\t\n\t\t\t\t\t\n\t\t\t\t\t\t\t\t\t\t\t<li>\n\t\t\t\t\t\t\t<div class=\"fusion-image-wrapper\">\n\t\t\t\t\t\t\t\t<a href=\"https:\/\/www.jennerbahn.de\/en\/jennershop-at-1800-m\/\" aria-label=\"Jennershop at 1,800 m\">\n\t\t\t\t\t\t\t\t\t<img decoding=\"async\" width=\"320\" height=\"202\" src=\"https:\/\/www.jennerbahn.de\/wp-content\/uploads\/2021\/09\/06bba0dc-414e-487e-9d64-660f420eb091-1-320x202.jpg\" alt=\"\" class=\"wp-image-11016\" role=\"presentation\" srcset=\"https:\/\/www.jennerbahn.de\/wp-content\/uploads\/2021\/09\/06bba0dc-414e-487e-9d64-660f420eb091-1-320x202.jpg 320w, https:\/\/www.jennerbahn.de\/wp-content\/uploads\/2021\/09\/06bba0dc-414e-487e-9d64-660f420eb091-1-700x441.jpg 700w\" sizes=\"(max-width: 320px) 100vw, 320px\" \/>\t\t\t\t\t\t\t\t<\/a>\n\t\t\t\t\t\t\t\t<a style=\"display:none;\" href=\"https:\/\/www.jennerbahn.de\/wp-content\/uploads\/2021\/09\/06bba0dc-414e-487e-9d64-660f420eb091-1.jpg\" data-rel=\"iLightbox[gallery12068]\"  title=\"\" data-title=\"Postkarten im Jennershop\" data-caption=\"\">\n\t\t\t\t\t\t\t\t\t\t\t\t\t\t\t\t\t<\/a>\n\t\t\t\t\t\t\t<\/div>\n\t\t\t\t\t\t<\/li>\n\t\t\t\t\t\t\t\t\t\t\t\t\t\t\t\t\t\t\t\t\t\t\t\t\n\t\t\t\t\t\n\t\t\t\t\t\t\t\t\t\t\t<li>\n\t\t\t\t\t\t\t<div class=\"fusion-image-wrapper\">\n\t\t\t\t\t\t\t\t<a href=\"https:\/\/www.jennerbahn.de\/en\/jennershop-at-1800-m\/\" aria-label=\"Jennershop at 1,800 m\">\n\t\t\t\t\t\t\t\t\t<img decoding=\"async\" width=\"320\" height=\"202\" src=\"https:\/\/www.jennerbahn.de\/wp-content\/uploads\/2021\/09\/84e3cf36-d67b-4461-bb71-e39ecb71021a-320x202.jpg\" alt=\"\" class=\"wp-image-11018\" role=\"presentation\" srcset=\"https:\/\/www.jennerbahn.de\/wp-content\/uploads\/2021\/09\/84e3cf36-d67b-4461-bb71-e39ecb71021a-320x202.jpg 320w, https:\/\/www.jennerbahn.de\/wp-content\/uploads\/2021\/09\/84e3cf36-d67b-4461-bb71-e39ecb71021a-700x441.jpg 700w\" sizes=\"(max-width: 320px) 100vw, 320px\" \/>\t\t\t\t\t\t\t\t<\/a>\n\t\t\t\t\t\t\t\t<a style=\"display:none;\" href=\"https:\/\/www.jennerbahn.de\/wp-content\/uploads\/2021\/09\/84e3cf36-d67b-4461-bb71-e39ecb71021a.jpg\" data-rel=\"iLightbox[gallery12068]\"  title=\"\" data-title=\"Pl\u00fcschtiere im Jennershop\" data-caption=\"\">\n\t\t\t\t\t\t\t\t\t\t\t\t\t\t\t\t\t<\/a>\n\t\t\t\t\t\t\t<\/div>\n\t\t\t\t\t\t<\/li>\n\t\t\t\t\t\t\t\t\t\t\t\t\t\t\t\t\t\t\t\t\t<\/ul>\n\t<\/div>\n\t<div class=\"fusion-post-content post-content\"><h2 class=\"blog-shortcode-post-title entry-title\"><a href=\"https:\/\/www.jennerbahn.de\/en\/jennershop-at-1800-m\/\">Jennershop at 1,800 m<\/a><\/h2><div class=\"fusion-post-content-container\"><p>A visit to Sabine Straten-Beiwinkler in the Jennershop. Today we visit Sabine at her unique workplace in the Jennershop at 1,800 m above sea level. Sabine probably has one of the most promising jobs and is happy to come here every day. \"I enjoy the gondola ride up every day. It's simply wonderful and different every day. Yesterday, for example, I saw two chamois,\" Sabine enthuses. Born in Munich, she has lived in Berchtesgaden since 2016. Sabine has loved the mountains all her life. \"We often went on vacation in the mountains when I was a child. I've always been fascinated by nature and the landscape,\" says Sabine. Since summer 2019, the [...]<\/p><\/div><\/div><div class=\"fusion-clearfix\"><\/div><\/article>\n<article id=\"blog-1-post-12069\" class=\"fusion-post-medium post-12069 post type-post status-publish format-standard has-post-thumbnail hentry category-jenner-blog-en\">\n\t<style type=\"text\/css\">\n\t\t\n\t\t\n\t\t\n\t\t\n\t\t\t<\/style>\n\n\n\t\t\t<div class=\"fusion-flexslider flexslider fusion-flexslider-loading fusion-post-slideshow\" style=\"\">\n\t\t<ul class=\"slides\">\n\t\t\t\n\t\t\t\t\t\t\t\t\t\t\t\t\t\t<li><div  class=\"fusion-image-wrapper fusion-image-size-fixed\" aria-haspopup=\"true\">\n\t\t\t\t\t\t\t<a href=\"https:\/\/www.jennerbahn.de\/en\/the-path-from-the-mountain-to-the-valley\/\" aria-label=\"The path from the mountain to the valley\">\n\t\t\t\t\t\t\t<img decoding=\"async\" width=\"320\" height=\"202\" src=\"https:\/\/www.jennerbahn.de\/wp-content\/uploads\/2021\/07\/Jennerblog-1-320x202.jpg\" class=\"attachment-blog-medium size-blog-medium wp-post-image\" alt=\"\" srcset=\"https:\/\/www.jennerbahn.de\/wp-content\/uploads\/2021\/07\/Jennerblog-1-320x202.jpg 320w, https:\/\/www.jennerbahn.de\/wp-content\/uploads\/2021\/07\/Jennerblog-1-700x441.jpg 700w\" sizes=\"(max-width: 320px) 100vw, 320px\" \/>\t\t\t<\/a>\n\t\t\t\t\t\t\t<\/div>\n<\/li>\n\t\t\t\n\t\t\t\n\t\t\t\t\t\t\t\t\t\t\t\n\t\t\t\t\t\n\t\t\t\t\t\t\t\t\t\t\t<li>\n\t\t\t\t\t\t\t<div class=\"fusion-image-wrapper\">\n\t\t\t\t\t\t\t\t<a href=\"https:\/\/www.jennerbahn.de\/en\/the-path-from-the-mountain-to-the-valley\/\" aria-label=\"The path from the mountain to the valley\">\n\t\t\t\t\t\t\t\t\t<img decoding=\"async\" width=\"320\" height=\"202\" src=\"https:\/\/www.jennerbahn.de\/wp-content\/uploads\/2021\/07\/Jennerblog-5-1-320x202.jpg\" alt=\"\" class=\"wp-image-10975\" role=\"presentation\" srcset=\"https:\/\/www.jennerbahn.de\/wp-content\/uploads\/2021\/07\/Jennerblog-5-1-320x202.jpg 320w, https:\/\/www.jennerbahn.de\/wp-content\/uploads\/2021\/07\/Jennerblog-5-1-700x441.jpg 700w\" sizes=\"(max-width: 320px) 100vw, 320px\" \/>\t\t\t\t\t\t\t\t<\/a>\n\t\t\t\t\t\t\t\t<a style=\"display:none;\" href=\"https:\/\/www.jennerbahn.de\/wp-content\/uploads\/2021\/07\/Jennerblog-5-1-scaled.jpg\" data-rel=\"iLightbox[gallery12069]\"  title=\"\" data-title=\"Jennerblog 5\" data-caption=\"\">\n\t\t\t\t\t\t\t\t\t\t\t\t\t\t\t\t\t<\/a>\n\t\t\t\t\t\t\t<\/div>\n\t\t\t\t\t\t<\/li>\n\t\t\t\t\t\t\t\t\t\t\t\t\t\t\t\t\t\t\t\t\t\t\t\t\n\t\t\t\t\t\n\t\t\t\t\t\t\t\t\t\t\t<li>\n\t\t\t\t\t\t\t<div class=\"fusion-image-wrapper\">\n\t\t\t\t\t\t\t\t<a href=\"https:\/\/www.jennerbahn.de\/en\/the-path-from-the-mountain-to-the-valley\/\" aria-label=\"The path from the mountain to the valley\">\n\t\t\t\t\t\t\t\t\t<img decoding=\"async\" width=\"320\" height=\"202\" src=\"https:\/\/www.jennerbahn.de\/wp-content\/uploads\/2021\/07\/20191014_061733-320x202.jpg\" alt=\"\" class=\"wp-image-10978\" role=\"presentation\" srcset=\"https:\/\/www.jennerbahn.de\/wp-content\/uploads\/2021\/07\/20191014_061733-320x202.jpg 320w, https:\/\/www.jennerbahn.de\/wp-content\/uploads\/2021\/07\/20191014_061733-700x441.jpg 700w\" sizes=\"(max-width: 320px) 100vw, 320px\" \/>\t\t\t\t\t\t\t\t<\/a>\n\t\t\t\t\t\t\t\t<a style=\"display:none;\" href=\"https:\/\/www.jennerbahn.de\/wp-content\/uploads\/2021\/07\/20191014_061733.jpg\" data-rel=\"iLightbox[gallery12069]\"  title=\"\" data-title=\"20191014_061733\" data-caption=\"\">\n\t\t\t\t\t\t\t\t\t\t\t\t\t\t\t\t\t<\/a>\n\t\t\t\t\t\t\t<\/div>\n\t\t\t\t\t\t<\/li>\n\t\t\t\t\t\t\t\t\t\t\t\t\t\t\t\t\t\t\t\t\t\t\t\t\n\t\t\t\t\t\n\t\t\t\t\t\t\t\t\t\t\t<li>\n\t\t\t\t\t\t\t<div class=\"fusion-image-wrapper\">\n\t\t\t\t\t\t\t\t<a href=\"https:\/\/www.jennerbahn.de\/en\/the-path-from-the-mountain-to-the-valley\/\" aria-label=\"The path from the mountain to the valley\">\n\t\t\t\t\t\t\t\t\t<img decoding=\"async\" width=\"320\" height=\"202\" src=\"https:\/\/www.jennerbahn.de\/wp-content\/uploads\/2021\/07\/Jennerblog-3-320x202.jpg\" alt=\"\" class=\"wp-image-10977\" role=\"presentation\" srcset=\"https:\/\/www.jennerbahn.de\/wp-content\/uploads\/2021\/07\/Jennerblog-3-320x202.jpg 320w, https:\/\/www.jennerbahn.de\/wp-content\/uploads\/2021\/07\/Jennerblog-3-700x441.jpg 700w\" sizes=\"(max-width: 320px) 100vw, 320px\" \/>\t\t\t\t\t\t\t\t<\/a>\n\t\t\t\t\t\t\t\t<a style=\"display:none;\" href=\"https:\/\/www.jennerbahn.de\/wp-content\/uploads\/2021\/07\/Jennerblog-3.jpg\" data-rel=\"iLightbox[gallery12069]\"  title=\"\" data-title=\"Jennerblog 3\" data-caption=\"\">\n\t\t\t\t\t\t\t\t\t\t\t\t\t\t\t\t\t<\/a>\n\t\t\t\t\t\t\t<\/div>\n\t\t\t\t\t\t<\/li>\n\t\t\t\t\t\t\t\t\t\t\t\t\t\t\t\t\t\t\t\t\t\t\t\t\n\t\t\t\t\t\n\t\t\t\t\t\t\t\t\t\t\t<li>\n\t\t\t\t\t\t\t<div class=\"fusion-image-wrapper\">\n\t\t\t\t\t\t\t\t<a href=\"https:\/\/www.jennerbahn.de\/en\/the-path-from-the-mountain-to-the-valley\/\" aria-label=\"The path from the mountain to the valley\">\n\t\t\t\t\t\t\t\t\t<img decoding=\"async\" width=\"320\" height=\"202\" src=\"https:\/\/www.jennerbahn.de\/wp-content\/uploads\/2021\/07\/Jennerblog-4-320x202.jpg\" alt=\"\" class=\"wp-image-10973\" role=\"presentation\" srcset=\"https:\/\/www.jennerbahn.de\/wp-content\/uploads\/2021\/07\/Jennerblog-4-320x202.jpg 320w, https:\/\/www.jennerbahn.de\/wp-content\/uploads\/2021\/07\/Jennerblog-4-700x441.jpg 700w\" sizes=\"(max-width: 320px) 100vw, 320px\" \/>\t\t\t\t\t\t\t\t<\/a>\n\t\t\t\t\t\t\t\t<a style=\"display:none;\" href=\"https:\/\/www.jennerbahn.de\/wp-content\/uploads\/2021\/07\/Jennerblog-4.jpg\" data-rel=\"iLightbox[gallery12069]\"  title=\"\" data-title=\"Jennerblog 4\" data-caption=\"\">\n\t\t\t\t\t\t\t\t\t\t\t\t\t\t\t\t\t<\/a>\n\t\t\t\t\t\t\t<\/div>\n\t\t\t\t\t\t<\/li>\n\t\t\t\t\t\t\t\t\t\t\t\t\t\t\t\t\t\t\t\t\t<\/ul>\n\t<\/div>\n\t<div class=\"fusion-post-content post-content\"><h2 class=\"blog-shortcode-post-title entry-title\"><a href=\"https:\/\/www.jennerbahn.de\/en\/the-path-from-the-mountain-to-the-valley\/\">The path from the mountain to the valley<\/a><\/h2><div class=\"fusion-post-content-container\"><p>The path from the mountain to the valley Leisurely hike from the summit cross down to the valley Once you arrive at the valley station, you first take the panorama gondola up to the mountain station. Riding the gondola feels like you're floating above the ground - the tension builds, you get higher and higher and then you reach 1,800 m altitude. From there, a signposted path leads to the summit of the Jenner in around 15 minutes. Once here, the entire length of the K\u00f6nigssee stretches out at your feet and you can marvel at the Watzmann-Empor from there. Return to the mountain station the same way. In good weather, you [...]<\/p><\/div><\/div><div class=\"fusion-clearfix\"><\/div><\/article>\n<\/div><\/div><div class=\"fusion-clearfix\"><\/div><\/div><\/div><\/div><\/div><\/p>\n","protected":false},"excerpt":{"rendered":"","protected":false},"author":1,"featured_media":0,"parent":0,"menu_order":0,"comment_status":"closed","ping_status":"closed","template":"","meta":{"_mc_calendar":[],"footnotes":""},"class_list":["post-11853","page","type-page","status-publish","hentry"],"yoast_head":"<!-- This site is optimized with the Yoast SEO plugin v27.1.1 - https:\/\/yoast.com\/product\/yoast-seo-wordpress\/ -->\n<title>Jenner Blog - Jennerbahn<\/title>\n<meta name=\"description\" content=\"Explore the Jenner Blog! Stay up to date with the latest news, tips, and stories about the Jennerbahn!\" \/>\n<meta name=\"robots\" content=\"index, follow, max-snippet:-1, max-image-preview:large, max-video-preview:-1\" \/>\n<link rel=\"canonical\" href=\"https:\/\/www.jennerbahn.de\/en\/jenner-blog\/\" \/>\n<meta property=\"og:locale\" content=\"en_US\" \/>\n<meta property=\"og:type\" content=\"article\" \/>\n<meta property=\"og:title\" content=\"Jenner Blog - Jennerbahn\" \/>\n<meta property=\"og:description\" content=\"Explore the Jenner Blog! Stay up to date with the latest news, tips, and stories about the Jennerbahn!\" \/>\n<meta property=\"og:url\" content=\"https:\/\/www.jennerbahn.de\/en\/jenner-blog\/\" \/>\n<meta property=\"og:site_name\" content=\"Jennerbahn\" \/>\n<meta property=\"article:publisher\" content=\"https:\/\/www.facebook.com\/jennerbahn\" \/>\n<meta property=\"article:modified_time\" content=\"2026-04-13T08:48:42+00:00\" \/>\n<meta property=\"og:image\" content=\"https:\/\/www.jennerbahn.de\/wp-content\/uploads\/2024\/10\/Jennerbahn-Logo-fuer-Vorschau-Pressemitteilung.png\" \/>\n\t<meta property=\"og:image:width\" content=\"1772\" \/>\n\t<meta property=\"og:image:height\" content=\"1063\" \/>\n\t<meta property=\"og:image:type\" content=\"image\/png\" \/>\n<meta name=\"twitter:card\" content=\"summary_large_image\" \/>\n<meta name=\"twitter:label1\" content=\"Est. reading time\" \/>\n\t<meta name=\"twitter:data1\" content=\"19 minutes\" \/>\n<script type=\"application\/ld+json\" class=\"yoast-schema-graph\">{\"@context\":\"https:\/\/schema.org\",\"@graph\":[{\"@type\":\"WebPage\",\"@id\":\"https:\/\/www.jennerbahn.de\/en\/jenner-blog\/\",\"url\":\"https:\/\/www.jennerbahn.de\/en\/jenner-blog\/\",\"name\":\"Jenner Blog - Jennerbahn\",\"isPartOf\":{\"@id\":\"https:\/\/www.jennerbahn.de\/#website\"},\"datePublished\":\"2024-09-06T16:02:39+00:00\",\"dateModified\":\"2026-04-13T08:48:42+00:00\",\"description\":\"Explore the Jenner Blog! Stay up to date with the latest news, tips, and stories about the Jennerbahn!\",\"breadcrumb\":{\"@id\":\"https:\/\/www.jennerbahn.de\/en\/jenner-blog\/#breadcrumb\"},\"inLanguage\":\"en-US\",\"potentialAction\":[{\"@type\":\"ReadAction\",\"target\":[\"https:\/\/www.jennerbahn.de\/en\/jenner-blog\/\"]}]},{\"@type\":\"BreadcrumbList\",\"@id\":\"https:\/\/www.jennerbahn.de\/en\/jenner-blog\/#breadcrumb\",\"itemListElement\":[{\"@type\":\"ListItem\",\"position\":1,\"name\":\"Startseite\",\"item\":\"https:\/\/www.jennerbahn.de\/en\/\"},{\"@type\":\"ListItem\",\"position\":2,\"name\":\"Jenner Blog\"}]},{\"@type\":\"WebSite\",\"@id\":\"https:\/\/www.jennerbahn.de\/#website\",\"url\":\"https:\/\/www.jennerbahn.de\/\",\"name\":\"Jennerbahn\",\"description\":\"Berchtesgaden K\u00f6nigssee\",\"publisher\":{\"@id\":\"https:\/\/www.jennerbahn.de\/#organization\"},\"alternateName\":\"Jennerbahn am K\u00f6nigssee\",\"potentialAction\":[{\"@type\":\"SearchAction\",\"target\":{\"@type\":\"EntryPoint\",\"urlTemplate\":\"https:\/\/www.jennerbahn.de\/?s={search_term_string}\"},\"query-input\":{\"@type\":\"PropertyValueSpecification\",\"valueRequired\":true,\"valueName\":\"search_term_string\"}}],\"inLanguage\":\"en-US\"},{\"@type\":\"Organization\",\"@id\":\"https:\/\/www.jennerbahn.de\/#organization\",\"name\":\"Berchtesgadener Bergbahn AG\",\"url\":\"https:\/\/www.jennerbahn.de\/\",\"logo\":{\"@type\":\"ImageObject\",\"inLanguage\":\"en-US\",\"@id\":\"https:\/\/www.jennerbahn.de\/#\/schema\/logo\/image\/\",\"url\":\"https:\/\/www.jennerbahn.de\/wp-content\/uploads\/2024\/10\/Jennerbahn-Logo-fuer-Vorschau-Pressemitteilung.png\",\"contentUrl\":\"https:\/\/www.jennerbahn.de\/wp-content\/uploads\/2024\/10\/Jennerbahn-Logo-fuer-Vorschau-Pressemitteilung.png\",\"width\":1772,\"height\":1063,\"caption\":\"Berchtesgadener Bergbahn AG\"},\"image\":{\"@id\":\"https:\/\/www.jennerbahn.de\/#\/schema\/logo\/image\/\"},\"sameAs\":[\"https:\/\/www.facebook.com\/jennerbahn\"]}]}<\/script>\n<!-- \/ Yoast SEO plugin. -->","yoast_head_json":{"title":"Jenner Blog - Jennerbahn","description":"Explore the Jenner Blog! Stay up to date with the latest news, tips, and stories about the Jennerbahn!","robots":{"index":"index","follow":"follow","max-snippet":"max-snippet:-1","max-image-preview":"max-image-preview:large","max-video-preview":"max-video-preview:-1"},"canonical":"https:\/\/www.jennerbahn.de\/en\/jenner-blog\/","og_locale":"en_US","og_type":"article","og_title":"Jenner Blog - Jennerbahn","og_description":"Explore the Jenner Blog! Stay up to date with the latest news, tips, and stories about the Jennerbahn!","og_url":"https:\/\/www.jennerbahn.de\/en\/jenner-blog\/","og_site_name":"Jennerbahn","article_publisher":"https:\/\/www.facebook.com\/jennerbahn","article_modified_time":"2026-04-13T08:48:42+00:00","og_image":[{"width":1772,"height":1063,"url":"https:\/\/www.jennerbahn.de\/wp-content\/uploads\/2024\/10\/Jennerbahn-Logo-fuer-Vorschau-Pressemitteilung.png","type":"image\/png"}],"twitter_card":"summary_large_image","twitter_misc":{"Est. reading time":"19 minutes"},"schema":{"@context":"https:\/\/schema.org","@graph":[{"@type":"WebPage","@id":"https:\/\/www.jennerbahn.de\/en\/jenner-blog\/","url":"https:\/\/www.jennerbahn.de\/en\/jenner-blog\/","name":"Jenner Blog - Jennerbahn","isPartOf":{"@id":"https:\/\/www.jennerbahn.de\/#website"},"datePublished":"2024-09-06T16:02:39+00:00","dateModified":"2026-04-13T08:48:42+00:00","description":"Explore the Jenner Blog! Stay up to date with the latest news, tips, and stories about the Jennerbahn!","breadcrumb":{"@id":"https:\/\/www.jennerbahn.de\/en\/jenner-blog\/#breadcrumb"},"inLanguage":"en-US","potentialAction":[{"@type":"ReadAction","target":["https:\/\/www.jennerbahn.de\/en\/jenner-blog\/"]}]},{"@type":"BreadcrumbList","@id":"https:\/\/www.jennerbahn.de\/en\/jenner-blog\/#breadcrumb","itemListElement":[{"@type":"ListItem","position":1,"name":"Startseite","item":"https:\/\/www.jennerbahn.de\/en\/"},{"@type":"ListItem","position":2,"name":"Jenner Blog"}]},{"@type":"WebSite","@id":"https:\/\/www.jennerbahn.de\/#website","url":"https:\/\/www.jennerbahn.de\/","name":"Jennerbahn","description":"Berchtesgaden K\u00f6nigssee","publisher":{"@id":"https:\/\/www.jennerbahn.de\/#organization"},"alternateName":"Jennerbahn am K\u00f6nigssee","potentialAction":[{"@type":"SearchAction","target":{"@type":"EntryPoint","urlTemplate":"https:\/\/www.jennerbahn.de\/?s={search_term_string}"},"query-input":{"@type":"PropertyValueSpecification","valueRequired":true,"valueName":"search_term_string"}}],"inLanguage":"en-US"},{"@type":"Organization","@id":"https:\/\/www.jennerbahn.de\/#organization","name":"Berchtesgadener Bergbahn AG","url":"https:\/\/www.jennerbahn.de\/","logo":{"@type":"ImageObject","inLanguage":"en-US","@id":"https:\/\/www.jennerbahn.de\/#\/schema\/logo\/image\/","url":"https:\/\/www.jennerbahn.de\/wp-content\/uploads\/2024\/10\/Jennerbahn-Logo-fuer-Vorschau-Pressemitteilung.png","contentUrl":"https:\/\/www.jennerbahn.de\/wp-content\/uploads\/2024\/10\/Jennerbahn-Logo-fuer-Vorschau-Pressemitteilung.png","width":1772,"height":1063,"caption":"Berchtesgadener Bergbahn AG"},"image":{"@id":"https:\/\/www.jennerbahn.de\/#\/schema\/logo\/image\/"},"sameAs":["https:\/\/www.facebook.com\/jennerbahn"]}]}},"_links":{"self":[{"href":"https:\/\/www.jennerbahn.de\/en\/wp-json\/wp\/v2\/pages\/11853","targetHints":{"allow":["GET"]}}],"collection":[{"href":"https:\/\/www.jennerbahn.de\/en\/wp-json\/wp\/v2\/pages"}],"about":[{"href":"https:\/\/www.jennerbahn.de\/en\/wp-json\/wp\/v2\/types\/page"}],"author":[{"embeddable":true,"href":"https:\/\/www.jennerbahn.de\/en\/wp-json\/wp\/v2\/users\/1"}],"replies":[{"embeddable":true,"href":"https:\/\/www.jennerbahn.de\/en\/wp-json\/wp\/v2\/comments?post=11853"}],"version-history":[{"count":0,"href":"https:\/\/www.jennerbahn.de\/en\/wp-json\/wp\/v2\/pages\/11853\/revisions"}],"wp:attachment":[{"href":"https:\/\/www.jennerbahn.de\/en\/wp-json\/wp\/v2\/media?parent=11853"}],"curies":[{"name":"wp","href":"https:\/\/api.w.org\/{rel}","templated":true}]}}